{"id":11,"date":"2022-10-19T05:25:57","date_gmt":"2022-10-19T05:25:57","guid":{"rendered":"https:\/\/obuda.hu\/aldozatsegites\/?page_id=11"},"modified":"2026-02-04T15:39:42","modified_gmt":"2026-02-04T15:39:42","slug":"fooldal","status":"publish","type":"page","link":"https:\/\/obuda.hu\/aldozatsegites\/","title":{"rendered":"F\u0151oldal"},"content":{"rendered":"\t\t<div data-elementor-type=\"wp-page\" data-elementor-id=\"11\" class=\"elementor elementor-11\">\n\t\t\t\t\t\t\t\t\t<section class=\"elementor-section elementor-top-section elementor-element elementor-element-b9611d1 elementor-section-boxed elementor-section-height-default elementor-section-height-default\" data-id=\"b9611d1\" data-element_type=\"section\" data-settings=\"{&quot;background_background&quot;:&quot;classic&quot;}\">\n\t\t\t\t\t\t<div class=\"elementor-container elementor-column-gap-default\">\n\t\t\t\t\t<div class=\"elementor-column elementor-col-100 elementor-top-column elementor-element elementor-element-13af564\" data-id=\"13af564\" data-element_type=\"column\">\n\t\t\t<div class=\"elementor-widget-wrap elementor-element-populated\">\n\t\t\t\t\t\t\t\t<div class=\"elementor-element elementor-element-60fb005 elementor-widget elementor-widget-heading\" data-id=\"60fb005\" data-element_type=\"widget\" data-widget_type=\"heading.default\">\n\t\t\t\t<div class=\"elementor-widget-container\">\n\t\t\t<style>\/*! elementor - v3.7.8 - 02-10-2022 *\/\n.elementor-heading-title{padding:0;margin:0;line-height:1}.elementor-widget-heading .elementor-heading-title[class*=elementor-size-]>a{color:inherit;font-size:inherit;line-height:inherit}.elementor-widget-heading .elementor-heading-title.elementor-size-small{font-size:15px}.elementor-widget-heading .elementor-heading-title.elementor-size-medium{font-size:19px}.elementor-widget-heading .elementor-heading-title.elementor-size-large{font-size:29px}.elementor-widget-heading .elementor-heading-title.elementor-size-xl{font-size:39px}.elementor-widget-heading .elementor-heading-title.elementor-size-xxl{font-size:59px}<\/style><h2 class=\"elementor-heading-title elementor-size-default\"><b>MI\u00c9RT IND\u00cdTOTTUK EL EZT A PROGRAMOT?<\/b><\/h2>\t\t<\/div>\n\t\t\t\t<\/div>\n\t\t\t\t<div class=\"elementor-element elementor-element-ec06d68 elementor-widget elementor-widget-text-editor\" data-id=\"ec06d68\" data-element_type=\"widget\" data-widget_type=\"text-editor.default\">\n\t\t\t\t<div class=\"elementor-widget-container\">\n\t\t\t<style>\/*! elementor - v3.7.8 - 02-10-2022 *\/\n.elementor-widget-text-editor.elementor-drop-cap-view-stacked .elementor-drop-cap{background-color:#818a91;color:#fff}.elementor-widget-text-editor.elementor-drop-cap-view-framed .elementor-drop-cap{color:#818a91;border:3px solid;background-color:transparent}.elementor-widget-text-editor:not(.elementor-drop-cap-view-default) .elementor-drop-cap{margin-top:8px}.elementor-widget-text-editor:not(.elementor-drop-cap-view-default) .elementor-drop-cap-letter{width:1em;height:1em}.elementor-widget-text-editor .elementor-drop-cap{float:left;text-align:center;line-height:1;font-size:50px}.elementor-widget-text-editor .elementor-drop-cap-letter{display:inline-block}<\/style>\t\t\t\t<p>Turgonyi D\u00e1niel akkori alpolg\u00e1rmester, jelenleg \u00e1ldozatv\u00e9delmi tan\u00e1csnok vezet\u00e9s\u00e9vel 2022 okt\u00f3ber\u00e9ben indult el \u00d3buda-B\u00e9k\u00e1smegyer \u00d6nkorm\u00e1nyzat \u00c1ldozatseg\u00edt\u0151 Programja, amelyet t\u00f6bb h\u00f3napos el\u0151k\u00e9sz\u00edt\u00e9s \u00e9s egyeztet\u00e9s el\u0151z\u00f6tt meg.<\/p>\n<p>A kezdem\u00e9nyez\u00e9st az\u00e9rt h\u00edvtuk \u00e9letre, hogy a p\u00e1rkapcsolati er\u0151szak, a csal\u00e1don bel\u00fcli er\u0151szak \u00e1ldozatai min\u00e9l gyorsabb \u00e9s szakszer\u0171bb t\u00e1mogat\u00e1sban r\u00e9szes\u00fcljenek, azoknak pedig, akik az \u00e1ldozatokkal kapcsolatba ker\u00fclnek, min\u00e9l naprak\u00e9szebb \u00e9s sz\u00e9lesebb k\u00f6r\u0171 ismereteik legyenek a t\u00e1rsadalmi probl\u00e9m\u00e1r\u00f3l, valamint a k\u00f6zt\u00fck l\u00e9v\u0151 kommunik\u00e1ci\u00f3 \u00e9s egy\u00fcttm\u0171k\u00f6d\u00e9s min\u00e9l hat\u00e9konyabb \u00e9s jobb legyen.<\/p>\n<p>Sok munka v\u00e1r r\u00e1nk, de elsz\u00e1ntak vagyunk abban, hogy minden l\u00e9p\u00e9s, amelyet tesz\u00fcnk az \u00e1ldozatok helyzet\u00e9nek jav\u00edt\u00e1sa \u00e9s a lakoss\u00e1g tudatos\u00edt\u00e1sa \u00e9rdek\u00e9ben, fontos, \u00e9s nem csak a harmadik ker\u00fcletben \u00e9l\u0151k sz\u00e1m\u00e1ra n\u00e9lk\u00fcl\u00f6zhetetlen. Tudniuk kell az \u00e9rintetteknek, hogy van hov\u00e1 fordulniuk&nbsp; \u2013 azoknak pedig, akik a mindennapi munk\u00e1juk sor\u00e1n ker\u00fclnek vel\u00fck kapcsolatba, igyeksz\u00fcnk minden seg\u00edts\u00e9get megadni, hogy azt\u00e1n \u0151k is hat\u00e9konyan \u00e9s szakszer\u0171en seg\u00edthessenek.<\/p>\n<p>A programr\u00f3l Turgonyi D\u00e1niellel k\u00e9sz\u00fclt interj\u00fankat&nbsp;<a href=\"https:\/\/obuda.hu\/a-felrenezes-helyett-felelosebb-empatikusabb-hozzaallasra-van-szukseg-interju-turgonyi-daniel-alpolgarmesterrel\/\" target=\"_blank\">ITT&nbsp;<\/a>olvashatj\u00e1k el.<\/p>\t\t\t\t\t\t<\/div>\n\t\t\t\t<\/div>\n\t\t\t\t<div class=\"elementor-element elementor-element-dcf52ac elementor-widget elementor-widget-heading\" data-id=\"dcf52ac\" data-element_type=\"widget\" data-widget_type=\"heading.default\">\n\t\t\t\t<div class=\"elementor-widget-container\">\n\t\t\t<h2 class=\"elementor-heading-title elementor-size-default\"><b>A PROGRAM C\u00c9LJA A HARMADIK KER\u00dcLETBEN<\/b><\/h2>\t\t<\/div>\n\t\t\t\t<\/div>\n\t\t\t\t<div class=\"elementor-element elementor-element-2ee00e3 elementor-widget elementor-widget-text-editor\" data-id=\"2ee00e3\" data-element_type=\"widget\" data-widget_type=\"text-editor.default\">\n\t\t\t\t<div class=\"elementor-widget-container\">\n\t\t\t\t\t\t\t<p>Alapvet\u0151en az \u00e9rintettek \u2013 kapcsolati er\u0151szak \u00e1ldozatai, csal\u00e1don bel\u00fcli er\u0151szak \u00e1ldozatai \u2013 seg\u00edt\u00e9se, a probl\u00e9ma tematiz\u00e1l\u00e1sa \u00e9s tabutlan\u00edt\u00e1sa, a rendszer szerepl\u0151i k\u00f6z\u00f6tti p\u00e1rbesz\u00e9d el\u0151seg\u00edt\u00e9se, k\u00e9pz\u00e9sek szervez\u00e9se, valamint lakoss\u00e1gi \u00e9rz\u00e9keny\u00edt\u00e9s, eduk\u00e1ci\u00f3, a t\u00e9m\u00e1ra f\u00f3kusz\u00e1l\u00f3 kiadv\u00e1nyok, t\u00e1j\u00e9koztat\u00f3 cikkek, kultur\u00e1lis projektek seg\u00edts\u00e9g\u00e9vel.<\/p><p>C\u00e9lunk a rendv\u00e9delemben dolgoz\u00f3k, az \u00f6nkorm\u00e1nyzat int\u00e9zm\u00e9nyeiben dolgoz\u00f3k, a szoci\u00e1lis, eg\u00e9szs\u00e9g\u00fcgyi \u00e9s gyermekv\u00e9delmi ter\u00fcleten dolgoz\u00f3k, a civil egyes\u00fcletek szakembereinek \u00f6sszefog\u00e1sa, a k\u00f6zt\u00fck l\u00e9v\u0151 p\u00e1rbesz\u00e9d \u00f6szt\u00f6nz\u00e9se, a szorosabb \u00e9s hat\u00e9konyabb egy\u00fcttm\u0171k\u00f6d\u00e9s kialak\u00edt\u00e1sa.<\/p><p>C\u00e9lunk, hogy az \u00e1ldozatokat \u00e9s helyzet\u00fcket, speci\u00e1lis ig\u00e9nyeiket felismerj\u00e9k a vel\u00fck kapcsolatba ker\u00fcl\u0151k, az \u00e9rintetteket szakszer\u0171en \u00e9s \u00e1ldozathib\u00e1ztat\u00e1s n\u00e9lk\u00fcl tudj\u00e1k t\u00e1mogatni, ahogy a jogi k\u00f6rnyezet megismer\u00e9se \u00e9s megismertet\u00e9se is alapvet\u0151 feladat, valamint az int\u00e9zm\u00e9nyi protokollok \u00fajragondol\u00e1sa, \u00fajrafogalmaz\u00e1sa is az \u00e1ldozatv\u00e9delem szempontj\u00e1b\u00f3l.<\/p><p>C\u00e9lunk tov\u00e1bb\u00e1 a prevenci\u00f3s programok t\u00e1mogat\u00e1sa \u00e9s a megel\u0151z\u00e9s hangs\u00falyoz\u00e1sa a t\u00e9m\u00e1ban.<\/p>\t\t\t\t\t\t<\/div>\n\t\t\t\t<\/div>\n\t\t\t\t<div class=\"elementor-element elementor-element-301b427 elementor-widget elementor-widget-image\" data-id=\"301b427\" data-element_type=\"widget\" data-widget_type=\"image.default\">\n\t\t\t\t<div class=\"elementor-widget-container\">\n\t\t\t<style>\/*! elementor - v3.7.8 - 02-10-2022 *\/\n.elementor-widget-image{text-align:center}.elementor-widget-image a{display:inline-block}.elementor-widget-image a img[src$=\".svg\"]{width:48px}.elementor-widget-image img{vertical-align:middle;display:inline-block}<\/style>\t\t\t\t\t\t\t\t\t\t\t\t<img loading=\"lazy\" decoding=\"async\" width=\"276\" height=\"308\" src=\"https:\/\/obuda.hu\/aldozatsegites\/wp-content\/uploads\/2022\/10\/obuda_cimer.png\" class=\"attachment-large size-large\" alt=\"\" srcset=\"https:\/\/obuda.hu\/aldozatsegites\/wp-content\/uploads\/2022\/10\/obuda_cimer.png 276w, https:\/\/obuda.hu\/aldozatsegites\/wp-content\/uploads\/2022\/10\/obuda_cimer-269x300.png 269w\" sizes=\"auto, (max-width: 276px) 100vw, 276px\" \/>\t\t\t\t\t\t\t\t\t\t\t\t\t\t\t<\/div>\n\t\t\t\t<\/div>\n\t\t\t\t\t<\/div>\n\t\t<\/div>\n\t\t\t\t\t\t\t<\/div>\n\t\t<\/section>\n\t\t\t\t\t\t\t<\/div>\n\t\t","protected":false},"excerpt":{"rendered":"<p>MI\u00c9RT IND\u00cdTOTTUK EL EZT A PROGRAMOT? Turgonyi D\u00e1niel akkori alpolg\u00e1rmester, jelenleg \u00e1ldozatv\u00e9delmi tan\u00e1csnok vezet\u00e9s\u00e9vel 2022 okt\u00f3ber\u00e9ben indult el \u00d3buda-B\u00e9k\u00e1smegyer \u00d6nkorm\u00e1nyzat \u00c1ldozatseg\u00edt\u0151 Programja, amelyet t\u00f6bb h\u00f3napos el\u0151k\u00e9sz\u00edt\u00e9s \u00e9s egyeztet\u00e9s el\u0151z\u00f6tt meg. A kezdem\u00e9nyez\u00e9st az\u00e9rt h\u00edvtuk \u00e9letre, hogy a p\u00e1rkapcsolati er\u0151szak, a csal\u00e1don bel\u00fcli er\u0151szak \u00e1ldozatai min\u00e9l gyorsabb \u00e9s szakszer\u0171bb t\u00e1mogat\u00e1sban r\u00e9szes\u00fcljenek, azoknak pedig, akik az \u00e1ldozatokkal [&hellip;]<\/p>\n","protected":false},"author":1,"featured_media":0,"parent":0,"menu_order":0,"comment_status":"closed","ping_status":"closed","template":"elementor_header_footer","meta":{"footnotes":""},"class_list":["post-11","page","type-page","status-publish","hentry"],"yoast_head":"<!-- This site is optimized with the Yoast SEO plugin v21.6 - https:\/\/yoast.com\/wordpress\/plugins\/seo\/ -->\n<title>F\u0151oldal - \u00d3buda-B\u00e9k\u00e1smegyer \u00d6nkorm\u00e1nyzat \u00c1ldozatseg\u00edt\u0151 Programja<\/title>\n<meta name=\"robots\" content=\"index, follow, max-snippet:-1, max-image-preview:large, max-video-preview:-1\" \/>\n<link rel=\"canonical\" href=\"https:\/\/obuda.hu\/aldozatsegites\/\" \/>\n<meta property=\"og:locale\" content=\"hu_HU\" \/>\n<meta property=\"og:type\" content=\"article\" \/>\n<meta property=\"og:title\" content=\"F\u0151oldal - \u00d3buda-B\u00e9k\u00e1smegyer \u00d6nkorm\u00e1nyzat \u00c1ldozatseg\u00edt\u0151 Programja\" \/>\n<meta property=\"og:description\" content=\"MI\u00c9RT IND\u00cdTOTTUK EL EZT A PROGRAMOT? Turgonyi D\u00e1niel akkori alpolg\u00e1rmester, jelenleg \u00e1ldozatv\u00e9delmi tan\u00e1csnok vezet\u00e9s\u00e9vel 2022 okt\u00f3ber\u00e9ben indult el \u00d3buda-B\u00e9k\u00e1smegyer \u00d6nkorm\u00e1nyzat \u00c1ldozatseg\u00edt\u0151 Programja, amelyet t\u00f6bb h\u00f3napos el\u0151k\u00e9sz\u00edt\u00e9s \u00e9s egyeztet\u00e9s el\u0151z\u00f6tt meg. A kezdem\u00e9nyez\u00e9st az\u00e9rt h\u00edvtuk \u00e9letre, hogy a p\u00e1rkapcsolati er\u0151szak, a csal\u00e1don bel\u00fcli er\u0151szak \u00e1ldozatai min\u00e9l gyorsabb \u00e9s szakszer\u0171bb t\u00e1mogat\u00e1sban r\u00e9szes\u00fcljenek, azoknak pedig, akik az \u00e1ldozatokkal [&hellip;]\" \/>\n<meta property=\"og:url\" content=\"https:\/\/obuda.hu\/aldozatsegites\/\" \/>\n<meta property=\"og:site_name\" content=\"\u00d3buda-B\u00e9k\u00e1smegyer \u00d6nkorm\u00e1nyzat \u00c1ldozatseg\u00edt\u0151 Programja\" \/>\n<meta property=\"article:modified_time\" content=\"2026-02-04T15:39:42+00:00\" \/>\n<meta property=\"og:image\" content=\"https:\/\/obuda.hu\/aldozatsegites\/wp-content\/uploads\/2023\/11\/Aldozat_hero-01.jpg\" \/>\n\t<meta property=\"og:image:width\" content=\"1600\" \/>\n\t<meta property=\"og:image:height\" content=\"900\" \/>\n\t<meta property=\"og:image:type\" content=\"image\/jpeg\" \/>\n<meta name=\"twitter:card\" content=\"summary_large_image\" \/>\n<meta name=\"twitter:label1\" content=\"Becs\u00fclt olvas\u00e1si id\u0151\" \/>\n\t<meta name=\"twitter:data1\" content=\"2 perc\" \/>\n<script type=\"application\/ld+json\" class=\"yoast-schema-graph\">{\"@context\":\"https:\/\/schema.org\",\"@graph\":[{\"@type\":\"WebPage\",\"@id\":\"https:\/\/obuda.hu\/aldozatsegites\/\",\"url\":\"https:\/\/obuda.hu\/aldozatsegites\/\",\"name\":\"F\u0151oldal - \u00d3buda-B\u00e9k\u00e1smegyer \u00d6nkorm\u00e1nyzat \u00c1ldozatseg\u00edt\u0151 Programja\",\"isPartOf\":{\"@id\":\"https:\/\/obuda.hu\/aldozatsegites\/#website\"},\"datePublished\":\"2022-10-19T05:25:57+00:00\",\"dateModified\":\"2026-02-04T15:39:42+00:00\",\"breadcrumb\":{\"@id\":\"https:\/\/obuda.hu\/aldozatsegites\/#breadcrumb\"},\"inLanguage\":\"hu\",\"potentialAction\":[{\"@type\":\"ReadAction\",\"target\":[\"https:\/\/obuda.hu\/aldozatsegites\/\"]}]},{\"@type\":\"BreadcrumbList\",\"@id\":\"https:\/\/obuda.hu\/aldozatsegites\/#breadcrumb\",\"itemListElement\":[{\"@type\":\"ListItem\",\"position\":1,\"name\":\"Kezd\u0151lap\",\"item\":\"https:\/\/obuda.hu\/aldozatsegites\/\"},{\"@type\":\"ListItem\",\"position\":2,\"name\":\"F\u0151oldal\"}]},{\"@type\":\"WebSite\",\"@id\":\"https:\/\/obuda.hu\/aldozatsegites\/#website\",\"url\":\"https:\/\/obuda.hu\/aldozatsegites\/\",\"name\":\"\u00d3buda-B\u00e9k\u00e1smegyer \u00d6nkorm\u00e1nyzat \u00c1ldozatseg\u00edt\u0151 Programja\",\"description\":\"\",\"potentialAction\":[{\"@type\":\"SearchAction\",\"target\":{\"@type\":\"EntryPoint\",\"urlTemplate\":\"https:\/\/obuda.hu\/aldozatsegites\/?s={search_term_string}\"},\"query-input\":\"required name=search_term_string\"}],\"inLanguage\":\"hu\"}]}<\/script>\n<!-- \/ Yoast SEO plugin. -->","yoast_head_json":{"title":"F\u0151oldal - \u00d3buda-B\u00e9k\u00e1smegyer \u00d6nkorm\u00e1nyzat \u00c1ldozatseg\u00edt\u0151 Programja","robots":{"index":"index","follow":"follow","max-snippet":"max-snippet:-1","max-image-preview":"max-image-preview:large","max-video-preview":"max-video-preview:-1"},"canonical":"https:\/\/obuda.hu\/aldozatsegites\/","og_locale":"hu_HU","og_type":"article","og_title":"F\u0151oldal - \u00d3buda-B\u00e9k\u00e1smegyer \u00d6nkorm\u00e1nyzat \u00c1ldozatseg\u00edt\u0151 Programja","og_description":"MI\u00c9RT IND\u00cdTOTTUK EL EZT A PROGRAMOT? Turgonyi D\u00e1niel akkori alpolg\u00e1rmester, jelenleg \u00e1ldozatv\u00e9delmi tan\u00e1csnok vezet\u00e9s\u00e9vel 2022 okt\u00f3ber\u00e9ben indult el \u00d3buda-B\u00e9k\u00e1smegyer \u00d6nkorm\u00e1nyzat \u00c1ldozatseg\u00edt\u0151 Programja, amelyet t\u00f6bb h\u00f3napos el\u0151k\u00e9sz\u00edt\u00e9s \u00e9s egyeztet\u00e9s el\u0151z\u00f6tt meg. A kezdem\u00e9nyez\u00e9st az\u00e9rt h\u00edvtuk \u00e9letre, hogy a p\u00e1rkapcsolati er\u0151szak, a csal\u00e1don bel\u00fcli er\u0151szak \u00e1ldozatai min\u00e9l gyorsabb \u00e9s szakszer\u0171bb t\u00e1mogat\u00e1sban r\u00e9szes\u00fcljenek, azoknak pedig, akik az \u00e1ldozatokkal [&hellip;]","og_url":"https:\/\/obuda.hu\/aldozatsegites\/","og_site_name":"\u00d3buda-B\u00e9k\u00e1smegyer \u00d6nkorm\u00e1nyzat \u00c1ldozatseg\u00edt\u0151 Programja","article_modified_time":"2026-02-04T15:39:42+00:00","og_image":[{"width":1600,"height":900,"url":"https:\/\/obuda.hu\/aldozatsegites\/wp-content\/uploads\/2023\/11\/Aldozat_hero-01.jpg","type":"image\/jpeg"}],"twitter_card":"summary_large_image","twitter_misc":{"Becs\u00fclt olvas\u00e1si id\u0151":"2 perc"},"schema":{"@context":"https:\/\/schema.org","@graph":[{"@type":"WebPage","@id":"https:\/\/obuda.hu\/aldozatsegites\/","url":"https:\/\/obuda.hu\/aldozatsegites\/","name":"F\u0151oldal - \u00d3buda-B\u00e9k\u00e1smegyer \u00d6nkorm\u00e1nyzat \u00c1ldozatseg\u00edt\u0151 Programja","isPartOf":{"@id":"https:\/\/obuda.hu\/aldozatsegites\/#website"},"datePublished":"2022-10-19T05:25:57+00:00","dateModified":"2026-02-04T15:39:42+00:00","breadcrumb":{"@id":"https:\/\/obuda.hu\/aldozatsegites\/#breadcrumb"},"inLanguage":"hu","potentialAction":[{"@type":"ReadAction","target":["https:\/\/obuda.hu\/aldozatsegites\/"]}]},{"@type":"BreadcrumbList","@id":"https:\/\/obuda.hu\/aldozatsegites\/#breadcrumb","itemListElement":[{"@type":"ListItem","position":1,"name":"Kezd\u0151lap","item":"https:\/\/obuda.hu\/aldozatsegites\/"},{"@type":"ListItem","position":2,"name":"F\u0151oldal"}]},{"@type":"WebSite","@id":"https:\/\/obuda.hu\/aldozatsegites\/#website","url":"https:\/\/obuda.hu\/aldozatsegites\/","name":"\u00d3buda-B\u00e9k\u00e1smegyer \u00d6nkorm\u00e1nyzat \u00c1ldozatseg\u00edt\u0151 Programja","description":"","potentialAction":[{"@type":"SearchAction","target":{"@type":"EntryPoint","urlTemplate":"https:\/\/obuda.hu\/aldozatsegites\/?s={search_term_string}"},"query-input":"required name=search_term_string"}],"inLanguage":"hu"}]}},"_links":{"self":[{"href":"https:\/\/obuda.hu\/aldozatsegites\/wp-json\/wp\/v2\/pages\/11","targetHints":{"allow":["GET"]}}],"collection":[{"href":"https:\/\/obuda.hu\/aldozatsegites\/wp-json\/wp\/v2\/pages"}],"about":[{"href":"https:\/\/obuda.hu\/aldozatsegites\/wp-json\/wp\/v2\/types\/page"}],"author":[{"embeddable":true,"href":"https:\/\/obuda.hu\/aldozatsegites\/wp-json\/wp\/v2\/users\/1"}],"replies":[{"embeddable":true,"href":"https:\/\/obuda.hu\/aldozatsegites\/wp-json\/wp\/v2\/comments?post=11"}],"version-history":[{"count":53,"href":"https:\/\/obuda.hu\/aldozatsegites\/wp-json\/wp\/v2\/pages\/11\/revisions"}],"predecessor-version":[{"id":777,"href":"https:\/\/obuda.hu\/aldozatsegites\/wp-json\/wp\/v2\/pages\/11\/revisions\/777"}],"wp:attachment":[{"href":"https:\/\/obuda.hu\/aldozatsegites\/wp-json\/wp\/v2\/media?parent=11"}],"curies":[{"name":"wp","href":"https:\/\/api.w.org\/{rel}","templated":true}]}}