{"id":14,"date":"2022-10-19T05:26:26","date_gmt":"2022-10-19T05:26:26","guid":{"rendered":"https:\/\/obuda.hu\/aldozatsegites\/?page_id=14"},"modified":"2026-01-16T10:14:52","modified_gmt":"2026-01-16T10:14:52","slug":"tenyek-vs-tevhitek","status":"publish","type":"page","link":"https:\/\/obuda.hu\/aldozatsegites\/tenyek-vs-tevhitek\/","title":{"rendered":"T\u00c9NYEK vs. T\u00c9VHITEK"},"content":{"rendered":"\t\t<div data-elementor-type=\"wp-page\" data-elementor-id=\"14\" class=\"elementor elementor-14\">\n\t\t\t\t\t\t\t\t\t<section class=\"elementor-section elementor-top-section elementor-element elementor-element-0a2d653 elementor-section-boxed elementor-section-height-default elementor-section-height-default\" data-id=\"0a2d653\" data-element_type=\"section\" data-settings=\"{&quot;background_background&quot;:&quot;classic&quot;}\">\n\t\t\t\t\t\t<div class=\"elementor-container elementor-column-gap-default\">\n\t\t\t\t\t<div class=\"elementor-column elementor-col-100 elementor-top-column elementor-element elementor-element-86a0f3b\" data-id=\"86a0f3b\" data-element_type=\"column\">\n\t\t\t<div class=\"elementor-widget-wrap elementor-element-populated\">\n\t\t\t\t\t\t\t\t<div class=\"elementor-element elementor-element-90ab3db elementor-widget elementor-widget-text-editor\" data-id=\"90ab3db\" data-element_type=\"widget\" data-widget_type=\"text-editor.default\">\n\t\t\t\t<div class=\"elementor-widget-container\">\n\t\t\t<style>\/*! elementor - v3.7.8 - 02-10-2022 *\/\n.elementor-widget-text-editor.elementor-drop-cap-view-stacked .elementor-drop-cap{background-color:#818a91;color:#fff}.elementor-widget-text-editor.elementor-drop-cap-view-framed .elementor-drop-cap{color:#818a91;border:3px solid;background-color:transparent}.elementor-widget-text-editor:not(.elementor-drop-cap-view-default) .elementor-drop-cap{margin-top:8px}.elementor-widget-text-editor:not(.elementor-drop-cap-view-default) .elementor-drop-cap-letter{width:1em;height:1em}.elementor-widget-text-editor .elementor-drop-cap{float:left;text-align:center;line-height:1;font-size:50px}.elementor-widget-text-editor .elementor-drop-cap-letter{display:inline-block}<\/style>\t\t\t\t<p>Tal\u00e1n \u00d6nben is felmer\u00fclt, honnan \u00e9s hogyan ismerhet\u0151 fel a b\u00e1ntalmaz\u00f3 kapcsolat, hov\u00e1 \u00e9rdemes fordulnia seg\u00edts\u00e9g\u00e9rt, ha szem\u00e9lyesen \u00e9rintett, \u00e9s nem \u00e9rzi biztons\u00e1gban mag\u00e1t, vagy hogy mit tehet, ha a k\u00f6rnyezet\u00e9ben hasonl\u00f3t tapasztal.<\/p><p>\u00d3buda-B\u00e9k\u00e1smegyer \u00d6nkorm\u00e1nyzat \u00c1ldozatseg\u00edt\u0151 Programja igyekszik sz\u00e1mos k\u00e9rd\u00e9sre v\u00e1laszt adni ezen az oldalon, al\u00e1bb p\u00e9ld\u00e1ul \u00f6sszegy\u0171jt\u00f6tt\u00fcnk n\u00e9h\u00e1ny jellemz\u0151 t\u00e9vhitet \u00e9s m\u00edtoszt, olyan \u00e1ll\u00edt\u00e1sokat, amelyeket tal\u00e1n gyakran hallunk, olvasunk, ak\u00e1r mondunk is, \u00e9s amelyekkel kapcsolatban biztosan \u00e9rdemes fel\u00fclvizsg\u00e1lnunk a b\u00e1ntalmaz\u00e1ssal kapcsolatos v\u00e9leked\u00e9seinket.<\/p><p>Min\u00e9l ink\u00e1bb megismerj\u00fck a p\u00e1rkapcsolati er\u0151szak val\u00f3di term\u00e9szet\u00e9t, ann\u00e1l megfontoltabbak lehet\u00fcnk, \u00e9s ann\u00e1l hat\u00e9konyabban tudjuk seg\u00edteni az \u00e1ldozatokat.<\/p>\t\t\t\t\t\t<\/div>\n\t\t\t\t<\/div>\n\t\t\t\t<div class=\"elementor-element elementor-element-e41b50d elementor-widget elementor-widget-heading\" data-id=\"e41b50d\" data-element_type=\"widget\" data-widget_type=\"heading.default\">\n\t\t\t\t<div class=\"elementor-widget-container\">\n\t\t\t<style>\/*! elementor - v3.7.8 - 02-10-2022 *\/\n.elementor-heading-title{padding:0;margin:0;line-height:1}.elementor-widget-heading .elementor-heading-title[class*=elementor-size-]>a{color:inherit;font-size:inherit;line-height:inherit}.elementor-widget-heading .elementor-heading-title.elementor-size-small{font-size:15px}.elementor-widget-heading .elementor-heading-title.elementor-size-medium{font-size:19px}.elementor-widget-heading .elementor-heading-title.elementor-size-large{font-size:29px}.elementor-widget-heading .elementor-heading-title.elementor-size-xl{font-size:39px}.elementor-widget-heading .elementor-heading-title.elementor-size-xxl{font-size:59px}<\/style><h2 class=\"elementor-heading-title elementor-size-default\"><b>T\u00c9VHIT<\/b><\/h2>\t\t<\/div>\n\t\t\t\t<\/div>\n\t\t\t\t<div class=\"elementor-element elementor-element-8bad384 elementor-widget elementor-widget-text-editor\" data-id=\"8bad384\" data-element_type=\"widget\" data-widget_type=\"text-editor.default\">\n\t\t\t\t<div class=\"elementor-widget-container\">\n\t\t\t\t\t\t\t<p><em><strong>&nbsp;<\/strong><\/em><i style=\"font-size: 1rem;\"><span style=\"font-weight: bolder;\">\u201eA b\u00e1ntalmaz\u00e1s a lakoss\u00e1gnak csak eg\u00e9szen eleny\u00e9sz\u0151 h\u00e1nyad\u00e1t \u00e9rinti.\u201d<\/span><\/i><\/p>\n<h2><span style=\"color: #e15026;\">T\u00c9NY<\/span><\/h2>\n<p>Minden \u00f6t\u00f6dik n\u0151t \u00e9rt m\u00e1r \u00e9lete sor\u00e1n fizikai b\u00e1ntalmaz\u00e1s a partnere r\u00e9sz\u00e9r\u0151l, \u00e9s <b>\u00e9lete sor\u00e1n legkevesebb minden m\u00e1sodik magyar n\u0151 k\u00f6zvetlen \u00e1ldozatk\u00e9nt \u00e9rintettje (volt) p\u00e1rkapcsolati er\u0151szaknak.&nbsp;<\/b><\/p>\n<p><span style=\"font-size: 1rem;\">Jelenleg is t\u00f6bb mint 275 ezer magyar n\u0151 \u00e9l b\u00e1ntalmaz\u00f3 kapcsolatban.<\/span><\/p>\n<p><span style=\"font-size: 1rem;\">Tov\u00e1bbi statisztik\u00e1k:<a href=\"https:\/\/nane.hu\/nokellenieroszak_statisztikak\/\">&nbsp;<\/a><\/span><a href=\"https:\/\/nane.hu\/nokellenieroszak_statisztikak\/\">nane.hu\/nokellenieroszak_statisztikak<\/a><\/p>\t\t\t\t\t\t<\/div>\n\t\t\t\t<\/div>\n\t\t\t\t<div class=\"elementor-element elementor-element-140afb7 elementor-widget elementor-widget-heading\" data-id=\"140afb7\" data-element_type=\"widget\" data-widget_type=\"heading.default\">\n\t\t\t\t<div class=\"elementor-widget-container\">\n\t\t\t<h2 class=\"elementor-heading-title elementor-size-default\"><b>T\u00c9VHIT<\/b><\/h2>\t\t<\/div>\n\t\t\t\t<\/div>\n\t\t\t\t<div class=\"elementor-element elementor-element-9d0f7aa elementor-widget elementor-widget-text-editor\" data-id=\"9d0f7aa\" data-element_type=\"widget\" data-widget_type=\"text-editor.default\">\n\t\t\t\t<div class=\"elementor-widget-container\">\n\t\t\t\t\t\t\t<p><em><strong>\u201eA b\u00e1ntalmazott b\u00e1rmikor elmehetne, ha akarna.\u201d<\/strong><\/em><\/p><p><em><strong>\u201eHa olyan rossz neki, mi\u00e9rt nem megy el? Ha marad, akkor meg ne panaszkodjon, az \u0151 d\u00f6nt\u00e9se.\u201d<\/strong><\/em><\/p><p><em><strong>\u201eAki nem hagyja ott a partner\u00e9t, miut\u00e1n b\u00e1ntalmazt\u00e1k, az meg is \u00e9rdemli a ver\u00e9st.\u201d<\/strong><\/em><\/p><p><em><strong>\u201eVan, akivel egyszer\u0171en \u00edgy kell b\u00e1nni. Nem v\u00e9letlen\u00fcl v\u00e1lasztanak ugyanilyen partnereket maguk mell\u00e9 mindig. Erre van sz\u00fcks\u00e9g\u00fck, igaz\u00e1b\u00f3l \u00edgy \u00e9rzik j\u00f3l magukat.\u201d<\/strong><\/em><\/p><h3><span style=\"color: #e15026; font-size: 24px; font-weight: bold;\">T\u00c9NY<\/span><\/h3><p>Az \u00e1ldozatok gyakran hisznek, vagy pr\u00f3b\u00e1lnak hinni abban, hogy a b\u00e1ntalmaz\u00f3 betartja az \u00edg\u00e9ret\u00e9t, \u00e9s t\u00f6bbet nem lesz er\u0151szakos. A b\u00e1ntalmaz\u00f3k sokszor nagyon kedvesek, olyankor gyakran hangs\u00falyozz\u00e1k is, mennyire szeretik a partner\u00fcket, \u00e9s hogy az er\u0151szakos viselked\u00e9s\u00fckh\u00f6z is \u00e9ppen ez vezetett: a t\u00falzott szerelem, a ragaszkod\u00e1s \u00e9s a f\u00e9lt\u00e9kenys\u00e9g.<\/p><p>Sokan az\u00e9rt nem l\u00e9pnek ki a b\u00e1ntalmaz\u00f3 kapcsolatb\u00f3l, mert anyagilag is f\u00fcggenek a partner\u00fckt\u0151l, nincs hov\u00e1 menni\u00fck, esetleg a partner bossz\u00faj\u00e1t\u00f3l, haragj\u00e1t\u00f3l is tartanak (ez a f\u00e9lelm\u00fck sok esetben nem alaptalan). Sokan nem is hiszik m\u00e1r el, hogy \u00f6n\u00e1ll\u00f3an, a partner\u00fck n\u00e9lk\u00fcl k\u00e9pesek boldogulni, \u00e9rv\u00e9nyes\u00fclni.<\/p><p>A n\u0151ket a t\u00e1rsadalmi konvenci\u00f3k is erre biztatj\u00e1k. Az a meggy\u0151z\u0151d\u00e9s, hogy az \u0151 feladatuk \u00e9s felel\u0151ss\u00e9g\u00fck a csal\u00e1d egyben tart\u00e1sa, ezt pedig minden m\u00e1s el\u00e9 kell sorolniuk. Az egy\u00fcttmarad\u00e1s \u00e9rdek\u00e9ben el kell viselni\u00fck az er\u0151szakos viselked\u00e9st. Ez azonban nem igaz.<\/p><p>\u00a0<\/p>\t\t\t\t\t\t<\/div>\n\t\t\t\t<\/div>\n\t\t\t\t<div class=\"elementor-element elementor-element-1b1b8b5 elementor-widget elementor-widget-heading\" data-id=\"1b1b8b5\" data-element_type=\"widget\" data-widget_type=\"heading.default\">\n\t\t\t\t<div class=\"elementor-widget-container\">\n\t\t\t<h2 class=\"elementor-heading-title elementor-size-default\"><b>T\u00c9VHIT<\/b><\/h2>\t\t<\/div>\n\t\t\t\t<\/div>\n\t\t\t\t<div class=\"elementor-element elementor-element-7e5a784 elementor-widget elementor-widget-text-editor\" data-id=\"7e5a784\" data-element_type=\"widget\" data-widget_type=\"text-editor.default\">\n\t\t\t\t<div class=\"elementor-widget-container\">\n\t\t\t\t\t\t\t<p><em><strong>\u201eAm\u00fagy nem ilyen. J\u00f3 ember. Csak ha iszik\u2026\u201d<\/strong><\/em><\/p><p><em><strong>\u201eAz ital besz\u00e9l bel\u0151le.\u201d <\/strong><\/em><\/p><p><em><strong>\u201eA r\u00e9szegs\u00e9g ilyen. Azzal egy\u00fctt j\u00e1r a durvas\u00e1g, nincs mit tenni.\u201d<\/strong><\/em><\/p><h3><span style=\"color: #e15026; font-size: 24px; font-weight: bold;\">T\u00c9NY<\/span><\/h3><p>Az alkohol \u00f6nmag\u00e1ban senkit nem tesz er\u0151szakoss\u00e1. A b\u00e1ntalmaz\u00f3k egy r\u00e9sze pedig egy\u00e1ltal\u00e1n nem fogyaszt alkoholt.<\/p><p>A b\u00e1ntalmaz\u00f3k j\u00f3zan \u00e1llapotban is azt gondolj\u00e1k, joguk van hatalmat gyakorolni a partner\u00fck felett (a n\u00e9zeteik, az attit\u0171djeik nem v\u00e1ltoznak meg att\u00f3l, hogy alkoholt fogyasztottak), ittas \u00e1llapotban ink\u00e1bb az er\u0151szakos viselked\u00e9ssel kapcsolatos g\u00e1tl\u00e1saik old\u00f3dnak.<\/p><p>A b\u00e1ntalmaz\u00e1s t\u00e9ny\u00e9re nem, viszont a s\u00falyoss\u00e1g\u00e1ra hat\u00e1ssal lehet az alkohol.<\/p><p>\u00a0<\/p>\t\t\t\t\t\t<\/div>\n\t\t\t\t<\/div>\n\t\t\t\t<div class=\"elementor-element elementor-element-8305c68 elementor-widget elementor-widget-heading\" data-id=\"8305c68\" data-element_type=\"widget\" data-widget_type=\"heading.default\">\n\t\t\t\t<div class=\"elementor-widget-container\">\n\t\t\t<h2 class=\"elementor-heading-title elementor-size-default\"><b>T\u00c9VHIT<\/b><\/h2>\t\t<\/div>\n\t\t\t\t<\/div>\n\t\t\t\t<div class=\"elementor-element elementor-element-1fccdb7 elementor-widget elementor-widget-text-editor\" data-id=\"1fccdb7\" data-element_type=\"widget\" data-widget_type=\"text-editor.default\">\n\t\t\t\t<div class=\"elementor-widget-container\">\n\t\t\t\t\t\t\t<p><em><strong>\u201eA k\u00edv\u00fcl\u00e1ll\u00f3knak semmi k\u00f6z\u00fck ahhoz, mi folyik a p\u00e1rkapcsolaton bel\u00fcl.\u201d<\/strong><\/em><\/p><p><em><strong>\u201eEz mag\u00e1n\u00fcgy. T\u00f6r\u0151dj\u00f6n mindenki a saj\u00e1t dolg\u00e1val, ne a m\u00e1s\u00e9val.\u201d<\/strong><\/em><\/p><p><em><strong>\u201eCsal\u00e1don bel\u00fcli \u00fcgyeket csal\u00e1don bel\u00fcl kell rendezni. \u00c9s am\u00edg az \u00e9n kenyeremet eszik, addig \u00e9n mondom meg, mi lesz.\u201d<\/strong><\/em><\/p><h3><span style=\"color: #e15026; font-size: 24px; font-weight: bold;\">T\u00c9NY<\/span><\/h3><p>Minden jog\u00e1llam k\u00f6teles megv\u00e9deni az \u00e1llampolg\u00e1rait, b\u00e1rhol \u00e9ri \u0151ket s\u00e9relem. A mag\u00e1n\u00e9let s\u00e9rthetetlens\u00e9g\u00e9re val\u00f3 hivatkoz\u00e1s csup\u00e1n az elk\u00f6vet\u0151k felment\u00e9s\u00e9hez vezet.<\/p><p>K\u00f6teless\u00e9g\u00fcnk, hogy fell\u00e9pj\u00fcnk az er\u0151szak minden form\u00e1j\u00e1val szemben.<\/p><p>A p\u00e1rkapcsolati er\u0151szak szab\u00e1lys\u00e9rt\u00e9seket, b\u0171ncselekm\u00e9nyeket \u00e9s emberi jogi s\u00e9relmeket val\u00f3s\u00edt meg.<\/p><p>Magyarorsz\u00e1gon a meggyilkolt n\u0151k 60 sz\u00e1zal\u00e9ka a h\u00e1zast\u00e1rsa vagy az \u00e9lett\u00e1rsa \u00e1ldozata. Ez teh\u00e1t nem egy\u00e9ni, hanem t\u00e1rsadalmi probl\u00e9ma.<\/p><p>\u00a0<\/p>\t\t\t\t\t\t<\/div>\n\t\t\t\t<\/div>\n\t\t\t\t<div class=\"elementor-element elementor-element-3b79708 elementor-widget elementor-widget-heading\" data-id=\"3b79708\" data-element_type=\"widget\" data-widget_type=\"heading.default\">\n\t\t\t\t<div class=\"elementor-widget-container\">\n\t\t\t<h2 class=\"elementor-heading-title elementor-size-default\"><b>T\u00c9VHIT<\/b><\/h2>\t\t<\/div>\n\t\t\t\t<\/div>\n\t\t\t\t<div class=\"elementor-element elementor-element-eea37e8 elementor-widget elementor-widget-text-editor\" data-id=\"eea37e8\" data-element_type=\"widget\" data-widget_type=\"text-editor.default\">\n\t\t\t\t<div class=\"elementor-widget-container\">\n\t\t\t\t\t\t\t<p><em><strong>\u201eEgy er\u0151szakos apa is jobb ann\u00e1l, mint ha csonka csal\u00e1dban n\u0151ne fel a gyerek.\u201d<\/strong><\/em><\/p><p><em><strong>\u201eAm\u00edg csak az any\u00e1t veri, addig biztons\u00e1gban van a gyerek, azzal neki nem \u00e1rt.\u201d <\/strong><\/em><\/p><h3><span style=\"color: #e15026; font-size: 24px; font-weight: bold;\">T\u00c9NY<\/span><\/h3><p>A p\u00e1rkapcsolati er\u0151szak els\u0151sorban a partnerre ir\u00e1nyul, de messzemen\u0151 k\u00f6vetkezm\u00e9nyei vannak a p\u00e1rral \u00e9l\u0151 gyerekek \u00e9let\u00e9re, szem\u00e9lyis\u00e9g\u00e9re, viselked\u00e9s\u00e9re \u00e9s \u00e9rzelmeire is.<\/p><p>A gyerekek l\u00e1tj\u00e1k, hallj\u00e1k, tapasztalj\u00e1k, ahogy az egyik sz\u00fcl\u0151 kihaszn\u00e1lja, megal\u00e1zza, fenyegeti, b\u00e1ntalmazza a m\u00e1sikat. Gyakran a b\u00e1ntalmaz\u00f3 igyekszik a m\u00e1sik f\u00e9l ellen ford\u00edtani a gyerekeket, vagy k\u00e9mk\u00e9nt felhaszn\u00e1lni \u0151ket.<\/p><p>Kutat\u00e1sok szerint nagy a val\u00f3sz\u00edn\u0171s\u00e9ge annak, hogy ahol az any\u00e1t b\u00e1ntalmazz\u00e1k, ott gyerekeknek is el kell szenvedni\u00fck k\u00f6zvetlen er\u0151szakot (ahogyan bizony\u00edt\u00e9kok vannak arra is, hogy ahol a gyerekeket b\u00e1ntalmazz\u00e1k, az esetek t\u00f6bb mint fel\u00e9ben az anya is er\u0151szaknak van kit\u00e9ve).<\/p><p>A sz\u00fcl\u0151k k\u00f6z\u00f6tti p\u00e1rkapcsolati er\u0151szak a gyerekekn\u00e9l s\u00falyos lojalit\u00e1sbeli konfliktust okoz: f\u00e9lnek a b\u00e1ntalmaz\u00f3 sz\u00fcl\u0151 d\u00fch\u00e9t\u0151l, egyszerre d\u00fch\u00f6sek r\u00e1 \u00e9s v\u00e1gynak a szeretet\u00e9re, az elismer\u00e9s\u00e9re. Emellett gyakran \u00e9rzik b\u0171n\u00f6snek, felel\u0151snek is magukat: azt gondolj\u00e1k, a b\u00e1ntalmazott sz\u00fcl\u0151 vagy testv\u00e9r v\u00e9delm\u00e9\u00e9rt \u0151k a felel\u0151sek, \u00e9s \u0151k a hib\u00e1sak az\u00e9rt, ha nem tudj\u00e1k megv\u00e9deni \u0151ket. Ez rendk\u00edv\u00fcl megterhel\u0151 egy gyerek sz\u00e1m\u00e1ra. Emellett a b\u00e1ntalmazott sz\u00fcl\u0151vel val\u00f3 kapcsolatuk is megromolhat.<\/p><p>A b\u00e1ntalmaz\u00f3 sz\u00fcl\u0151 viselked\u00e9se a gyereket s\u00falyos stressznek teszi ki, ami k\u00e1rosan hat a fizikai, a lelki \u00e9s a testi fejl\u0151d\u00e9s\u00e9re.<\/p><p>\u00a0<\/p>\t\t\t\t\t\t<\/div>\n\t\t\t\t<\/div>\n\t\t\t\t<div class=\"elementor-element elementor-element-b8628d2 elementor-widget elementor-widget-heading\" data-id=\"b8628d2\" data-element_type=\"widget\" data-widget_type=\"heading.default\">\n\t\t\t\t<div class=\"elementor-widget-container\">\n\t\t\t<h2 class=\"elementor-heading-title elementor-size-default\"><b>T\u00c9VHIT<\/b><\/h2>\t\t<\/div>\n\t\t\t\t<\/div>\n\t\t\t\t<div class=\"elementor-element elementor-element-e352918 elementor-widget elementor-widget-text-editor\" data-id=\"e352918\" data-element_type=\"widget\" data-widget_type=\"text-editor.default\">\n\t\t\t\t<div class=\"elementor-widget-container\">\n\t\t\t\t\t\t\t<p><em><strong>\u201eA lelki er\u0151szakot k\u00f6nnyebb elviselni, mint a testit.\u201d<\/strong><\/em><\/p><h3><span style=\"color: #e15026; font-size: 24px; font-weight: bold;\">T\u00c9NY<\/span><\/h3><p>A b\u00e1ntalmaz\u00e1snak sokf\u00e9le form\u00e1ja l\u00e9tezik, \u00e9s a lelki b\u00e1ntalmaz\u00e1s is t\u00f6bbf\u00e9le lehet.<\/p><p>T\u00e9ny azonban, hogy a lelki er\u0151szak al\u00e1\u00e1ssa a b\u00e1ntalmazott \u00f6n\u00e9rt\u00e9kel\u00e9s\u00e9t, \u00f6nbecs\u00fcl\u00e9s\u00e9t, \u00e9s lelki zavarokhoz, testi megbeteged\u00e9sekhez is vezethet.<\/p><p>A lelki er\u0151szak sok esetben a fizikai b\u00e1ntalmaz\u00e1s \u00e9s a szexu\u00e1lis er\u0151szak el\u0151szob\u00e1ja, a b\u00e1ntalmaz\u00f3 \u00edgy \u00e9ri el, hogy a partnere gyeng\u00e9nek, gy\u00e1moltalannak \u00e9s \u00f6n\u00e1ll\u00f3tlannak \u00e9rezze mag\u00e1t, hogy elbizonytalanodjon \u00e9s \u00f6sszezavarodjon. \u00cdgy eg\u00e9szen elszigetel\u0151dik, \u00e9s k\u00e9ptelenn\u00e9 v\u00e1lik a menek\u00fcl\u00e9sre.<\/p><p>\u00a0<\/p>\t\t\t\t\t\t<\/div>\n\t\t\t\t<\/div>\n\t\t\t\t<div class=\"elementor-element elementor-element-0aa252b elementor-widget elementor-widget-heading\" data-id=\"0aa252b\" data-element_type=\"widget\" data-widget_type=\"heading.default\">\n\t\t\t\t<div class=\"elementor-widget-container\">\n\t\t\t<h2 class=\"elementor-heading-title elementor-size-default\"><b>T\u00c9VHIT<\/b><\/h2>\t\t<\/div>\n\t\t\t\t<\/div>\n\t\t\t\t<div class=\"elementor-element elementor-element-35f5fe0 elementor-widget elementor-widget-text-editor\" data-id=\"35f5fe0\" data-element_type=\"widget\" data-widget_type=\"text-editor.default\">\n\t\t\t\t<div class=\"elementor-widget-container\">\n\t\t\t\t\t\t\t<p><em><span style=\"font-weight: bolder;\">\u201eA viselked\u00e9s\u00e9vel egyszer\u0171en kiprovok\u00e1lta a ver\u00e9st.\u201d<\/span><\/em><\/p><p><em><span style=\"font-weight: bolder;\">\u201eNem v\u00e9letlen\u00fcl kapta, mag\u00e1nak kereste a bajt. Ez kell neki, hogy \u00e9rtsen.\u201d<\/span><\/em><\/p><p><em><span style=\"font-weight: bolder;\">\u201eSz\u00fcks\u00e9ge van az ir\u00e1ny\u00edt\u00e1sra, a kem\u00e9ny k\u00e9zre. Hogy tudja, hol a helye.\u201d<\/span><\/em><\/p><h3><span style=\"color: #e15026; font-size: 24px;\">T\u00c9NY<\/span><\/h3><p>Az ilyen \u00e9s ezekhez hasonl\u00f3 igazs\u00e1gtalan \u00e1ll\u00edt\u00e1sok az \u00e1ldozatot teszik felel\u0151ss\u00e9 a b\u00e1ntalmaz\u00f3 er\u0151szakos viselked\u00e9s\u00e9\u00e9rt. Az igazs\u00e1g azonban az, hogy senki sem \u00e9rdemli meg, hogy b\u00e1nts\u00e1k, m\u00e9g ha a m\u00e1sik sz\u00e1m\u00e1ra zavar\u00f3, bosszant\u00f3 dolgokat is tesznek.<\/p><p>Senkinek sincs joga a partner\u00e9t b\u00e1ntalmazni. F\u0151leg nincs joga arra hivatkozni, hogy a m\u00e1sik feln\u0151tt embert \u201eir\u00e1ny\u00edtani\u201d vagy \u201enevelni\u201d kellene.<\/p><p>A b\u00e1ntalmaz\u00e1s\u00e9rt a b\u00e1ntalmaz\u00f3t terheli a felel\u0151ss\u00e9g.<\/p><p>A b\u00e1ntalmaz\u00f3k sem v\u00e9letlen\u00fcl pr\u00f3b\u00e1lj\u00e1k az \u00e1ldozatra h\u00e1r\u00edtani a felel\u0151ss\u00e9get (pl. a fenti mondatok hangoztat\u00e1s\u00e1val). Maguk is pontosan tudj\u00e1k, hogy semmi sem igazolhatja az er\u0151szakos viselked\u00e9s\u00fcket. A felel\u0151ss\u00e9g \u00e1th\u00e1r\u00edt\u00e1sa szerves r\u00e9sz a b\u00e1ntalmaz\u00e1s dinamik\u00e1j\u00e1nak.<\/p>\t\t\t\t\t\t<\/div>\n\t\t\t\t<\/div>\n\t\t\t\t<div class=\"elementor-element elementor-element-25fac8e elementor-widget elementor-widget-heading\" data-id=\"25fac8e\" data-element_type=\"widget\" data-widget_type=\"heading.default\">\n\t\t\t\t<div class=\"elementor-widget-container\">\n\t\t\t<h2 class=\"elementor-heading-title elementor-size-default\"><b>T\u00c9VHIT<\/b><\/h2>\t\t<\/div>\n\t\t\t\t<\/div>\n\t\t\t\t<div class=\"elementor-element elementor-element-461ee0b elementor-widget elementor-widget-text-editor\" data-id=\"461ee0b\" data-element_type=\"widget\" data-widget_type=\"text-editor.default\">\n\t\t\t\t<div class=\"elementor-widget-container\">\n\t\t\t\t\t\t\t<hr \/><p><i><strong>\u201e<\/strong><strong>A b\u00e1ntalmaz\u00e1s f\u0151leg az iskol\u00e1zatlan emberek, a h\u00e1tr\u00e1nyos helyzet\u0171ek k\u00f6r\u00e9ben elterjedt.\u201d<\/strong><\/i><\/p><h2><span style=\"color: #e15026; font-size: 24px; font-weight: bold;\">T\u00c9NY<\/span><\/h2><p>Nem igaz, hiszen minden etnikai csoporton, t\u00e1rsadalmi r\u00e9tegen \u00e9s lak\u00f3helyen bel\u00fcl hasonl\u00f3 ar\u00e1nyban tal\u00e1lkozunk b\u00e1ntalmaz\u00f3kkal \u00e9s \u00e1ldozatokkal.<\/p><p>\u00a0<\/p>\t\t\t\t\t\t<\/div>\n\t\t\t\t<\/div>\n\t\t\t\t<div class=\"elementor-element elementor-element-bd24929 elementor-widget elementor-widget-heading\" data-id=\"bd24929\" data-element_type=\"widget\" data-widget_type=\"heading.default\">\n\t\t\t\t<div class=\"elementor-widget-container\">\n\t\t\t<h2 class=\"elementor-heading-title elementor-size-default\"><b>T\u00c9VHIT<\/b><\/h2>\t\t<\/div>\n\t\t\t\t<\/div>\n\t\t\t\t<div class=\"elementor-element elementor-element-eb62732 elementor-widget elementor-widget-text-editor\" data-id=\"eb62732\" data-element_type=\"widget\" data-widget_type=\"text-editor.default\">\n\t\t\t\t<div class=\"elementor-widget-container\">\n\t\t\t\t\t\t\t<p><i>\u201e<strong>Aki egyszer b\u00e1ntalmazott volt, az is marad.\u201d<\/strong><\/i><\/p><h2 style=\"color: var( --e-global-color-primary ); font-family: var( --e-global-typography-primary-font-family ), Sans-serif; font-weight: var( --e-global-typography-primary-font-weight );\" data-elementor-setting-key=\"title\" data-pen-placeholder=\"Ide \u00edrj...\"><span style=\"font-weight: bold;\">T\u00c9NY<\/span><\/h2><p>A tapasztalatok \u00e9s a statisztik\u00e1k azt mutatj\u00e1k, hogy az, akinek siker\u00fcl v\u00e9gleg kimenek\u00fclnie egy b\u00e1ntalmaz\u00f3 kapcsolatb\u00f3l, \u00e9s szakszer\u0171 seg\u00edts\u00e9get kap a feldolgoz\u00e1sban, hamarabb \u00e9szreveszi a korai figyelmeztet\u0151 jeleket, \u00e9s m\u00e1r idejekor\u00e1n kil\u00e9p a kapcsolatb\u00f3l.<\/p><p>\u00a0<\/p><p><em>Forr\u00e1s:<\/em> <a href=\"https:\/\/nane.hu\/erintetteknek\/tudnivalok-a-nok-elleni-eroszakrol\/\">NANE_1,<\/a> <a href=\"https:\/\/nane.hu\/wp-content\/uploads\/miert_marad_2015.pdf\">NANE_2<\/a><\/p>\t\t\t\t\t\t<\/div>\n\t\t\t\t<\/div>\n\t\t\t\t<div class=\"elementor-element elementor-element-4fe1304 elementor-widget elementor-widget-image\" data-id=\"4fe1304\" data-element_type=\"widget\" data-widget_type=\"image.default\">\n\t\t\t\t<div class=\"elementor-widget-container\">\n\t\t\t<style>\/*! elementor - v3.7.8 - 02-10-2022 *\/\n.elementor-widget-image{text-align:center}.elementor-widget-image a{display:inline-block}.elementor-widget-image a img[src$=\".svg\"]{width:48px}.elementor-widget-image img{vertical-align:middle;display:inline-block}<\/style>\t\t\t\t\t\t\t\t\t\t\t\t<img loading=\"lazy\" decoding=\"async\" width=\"276\" height=\"308\" src=\"https:\/\/obuda.hu\/aldozatsegites\/wp-content\/uploads\/2022\/10\/obuda_cimer.png\" class=\"attachment-large size-large\" alt=\"\" srcset=\"https:\/\/obuda.hu\/aldozatsegites\/wp-content\/uploads\/2022\/10\/obuda_cimer.png 276w, https:\/\/obuda.hu\/aldozatsegites\/wp-content\/uploads\/2022\/10\/obuda_cimer-269x300.png 269w\" sizes=\"auto, (max-width: 276px) 100vw, 276px\" \/>\t\t\t\t\t\t\t\t\t\t\t\t\t\t\t<\/div>\n\t\t\t\t<\/div>\n\t\t\t\t\t<\/div>\n\t\t<\/div>\n\t\t\t\t\t\t\t<\/div>\n\t\t<\/section>\n\t\t\t\t\t\t\t<\/div>\n\t\t","protected":false},"excerpt":{"rendered":"<p>Tal\u00e1n \u00d6nben is felmer\u00fclt, honnan \u00e9s hogyan ismerhet\u0151 fel a b\u00e1ntalmaz\u00f3 kapcsolat, hov\u00e1 \u00e9rdemes fordulnia seg\u00edts\u00e9g\u00e9rt, ha szem\u00e9lyesen \u00e9rintett, \u00e9s nem \u00e9rzi biztons\u00e1gban mag\u00e1t, vagy hogy mit tehet, ha a k\u00f6rnyezet\u00e9ben hasonl\u00f3t tapasztal. \u00d3buda-B\u00e9k\u00e1smegyer \u00d6nkorm\u00e1nyzat \u00c1ldozatseg\u00edt\u0151 Programja igyekszik sz\u00e1mos k\u00e9rd\u00e9sre v\u00e1laszt adni ezen az oldalon, al\u00e1bb p\u00e9ld\u00e1ul \u00f6sszegy\u0171jt\u00f6tt\u00fcnk n\u00e9h\u00e1ny jellemz\u0151 t\u00e9vhitet \u00e9s m\u00edtoszt, olyan \u00e1ll\u00edt\u00e1sokat, [&hellip;]<\/p>\n","protected":false},"author":1,"featured_media":0,"parent":0,"menu_order":0,"comment_status":"closed","ping_status":"closed","template":"elementor_header_footer","meta":{"footnotes":""},"class_list":["post-14","page","type-page","status-publish","hentry"],"yoast_head":"<!-- This site is optimized with the Yoast SEO plugin v21.6 - https:\/\/yoast.com\/wordpress\/plugins\/seo\/ -->\n<title>T\u00c9NYEK vs. T\u00c9VHITEK - \u00d3buda-B\u00e9k\u00e1smegyer \u00d6nkorm\u00e1nyzat \u00c1ldozatseg\u00edt\u0151 Programja<\/title>\n<meta name=\"robots\" content=\"index, follow, max-snippet:-1, max-image-preview:large, max-video-preview:-1\" \/>\n<link rel=\"canonical\" href=\"https:\/\/obuda.hu\/aldozatsegites\/tenyek-vs-tevhitek\/\" \/>\n<meta property=\"og:locale\" content=\"hu_HU\" \/>\n<meta property=\"og:type\" content=\"article\" \/>\n<meta property=\"og:title\" content=\"T\u00c9NYEK vs. T\u00c9VHITEK - \u00d3buda-B\u00e9k\u00e1smegyer \u00d6nkorm\u00e1nyzat \u00c1ldozatseg\u00edt\u0151 Programja\" \/>\n<meta property=\"og:description\" content=\"Tal\u00e1n \u00d6nben is felmer\u00fclt, honnan \u00e9s hogyan ismerhet\u0151 fel a b\u00e1ntalmaz\u00f3 kapcsolat, hov\u00e1 \u00e9rdemes fordulnia seg\u00edts\u00e9g\u00e9rt, ha szem\u00e9lyesen \u00e9rintett, \u00e9s nem \u00e9rzi biztons\u00e1gban mag\u00e1t, vagy hogy mit tehet, ha a k\u00f6rnyezet\u00e9ben hasonl\u00f3t tapasztal. \u00d3buda-B\u00e9k\u00e1smegyer \u00d6nkorm\u00e1nyzat \u00c1ldozatseg\u00edt\u0151 Programja igyekszik sz\u00e1mos k\u00e9rd\u00e9sre v\u00e1laszt adni ezen az oldalon, al\u00e1bb p\u00e9ld\u00e1ul \u00f6sszegy\u0171jt\u00f6tt\u00fcnk n\u00e9h\u00e1ny jellemz\u0151 t\u00e9vhitet \u00e9s m\u00edtoszt, olyan \u00e1ll\u00edt\u00e1sokat, [&hellip;]\" \/>\n<meta property=\"og:url\" content=\"https:\/\/obuda.hu\/aldozatsegites\/tenyek-vs-tevhitek\/\" \/>\n<meta property=\"og:site_name\" content=\"\u00d3buda-B\u00e9k\u00e1smegyer \u00d6nkorm\u00e1nyzat \u00c1ldozatseg\u00edt\u0151 Programja\" \/>\n<meta property=\"article:modified_time\" content=\"2026-01-16T10:14:52+00:00\" \/>\n<meta property=\"og:image\" content=\"https:\/\/obuda.hu\/aldozatsegites\/wp-content\/uploads\/2023\/11\/Aldozat_hero-01.jpg\" \/>\n\t<meta property=\"og:image:width\" content=\"1600\" \/>\n\t<meta property=\"og:image:height\" content=\"900\" \/>\n\t<meta property=\"og:image:type\" content=\"image\/jpeg\" \/>\n<meta name=\"twitter:card\" content=\"summary_large_image\" \/>\n<meta name=\"twitter:label1\" content=\"Becs\u00fclt olvas\u00e1si id\u0151\" \/>\n\t<meta name=\"twitter:data1\" content=\"6 perc\" \/>\n<script type=\"application\/ld+json\" class=\"yoast-schema-graph\">{\"@context\":\"https:\/\/schema.org\",\"@graph\":[{\"@type\":\"WebPage\",\"@id\":\"https:\/\/obuda.hu\/aldozatsegites\/tenyek-vs-tevhitek\/\",\"url\":\"https:\/\/obuda.hu\/aldozatsegites\/tenyek-vs-tevhitek\/\",\"name\":\"T\u00c9NYEK vs. T\u00c9VHITEK - \u00d3buda-B\u00e9k\u00e1smegyer \u00d6nkorm\u00e1nyzat \u00c1ldozatseg\u00edt\u0151 Programja\",\"isPartOf\":{\"@id\":\"https:\/\/obuda.hu\/aldozatsegites\/#website\"},\"datePublished\":\"2022-10-19T05:26:26+00:00\",\"dateModified\":\"2026-01-16T10:14:52+00:00\",\"breadcrumb\":{\"@id\":\"https:\/\/obuda.hu\/aldozatsegites\/tenyek-vs-tevhitek\/#breadcrumb\"},\"inLanguage\":\"hu\",\"potentialAction\":[{\"@type\":\"ReadAction\",\"target\":[\"https:\/\/obuda.hu\/aldozatsegites\/tenyek-vs-tevhitek\/\"]}]},{\"@type\":\"BreadcrumbList\",\"@id\":\"https:\/\/obuda.hu\/aldozatsegites\/tenyek-vs-tevhitek\/#breadcrumb\",\"itemListElement\":[{\"@type\":\"ListItem\",\"position\":1,\"name\":\"Kezd\u0151lap\",\"item\":\"https:\/\/obuda.hu\/aldozatsegites\/\"},{\"@type\":\"ListItem\",\"position\":2,\"name\":\"T\u00c9NYEK vs. T\u00c9VHITEK\"}]},{\"@type\":\"WebSite\",\"@id\":\"https:\/\/obuda.hu\/aldozatsegites\/#website\",\"url\":\"https:\/\/obuda.hu\/aldozatsegites\/\",\"name\":\"\u00d3buda-B\u00e9k\u00e1smegyer \u00d6nkorm\u00e1nyzat \u00c1ldozatseg\u00edt\u0151 Programja\",\"description\":\"\",\"potentialAction\":[{\"@type\":\"SearchAction\",\"target\":{\"@type\":\"EntryPoint\",\"urlTemplate\":\"https:\/\/obuda.hu\/aldozatsegites\/?s={search_term_string}\"},\"query-input\":\"required name=search_term_string\"}],\"inLanguage\":\"hu\"}]}<\/script>\n<!-- \/ Yoast SEO plugin. -->","yoast_head_json":{"title":"T\u00c9NYEK vs. T\u00c9VHITEK - \u00d3buda-B\u00e9k\u00e1smegyer \u00d6nkorm\u00e1nyzat \u00c1ldozatseg\u00edt\u0151 Programja","robots":{"index":"index","follow":"follow","max-snippet":"max-snippet:-1","max-image-preview":"max-image-preview:large","max-video-preview":"max-video-preview:-1"},"canonical":"https:\/\/obuda.hu\/aldozatsegites\/tenyek-vs-tevhitek\/","og_locale":"hu_HU","og_type":"article","og_title":"T\u00c9NYEK vs. T\u00c9VHITEK - \u00d3buda-B\u00e9k\u00e1smegyer \u00d6nkorm\u00e1nyzat \u00c1ldozatseg\u00edt\u0151 Programja","og_description":"Tal\u00e1n \u00d6nben is felmer\u00fclt, honnan \u00e9s hogyan ismerhet\u0151 fel a b\u00e1ntalmaz\u00f3 kapcsolat, hov\u00e1 \u00e9rdemes fordulnia seg\u00edts\u00e9g\u00e9rt, ha szem\u00e9lyesen \u00e9rintett, \u00e9s nem \u00e9rzi biztons\u00e1gban mag\u00e1t, vagy hogy mit tehet, ha a k\u00f6rnyezet\u00e9ben hasonl\u00f3t tapasztal. \u00d3buda-B\u00e9k\u00e1smegyer \u00d6nkorm\u00e1nyzat \u00c1ldozatseg\u00edt\u0151 Programja igyekszik sz\u00e1mos k\u00e9rd\u00e9sre v\u00e1laszt adni ezen az oldalon, al\u00e1bb p\u00e9ld\u00e1ul \u00f6sszegy\u0171jt\u00f6tt\u00fcnk n\u00e9h\u00e1ny jellemz\u0151 t\u00e9vhitet \u00e9s m\u00edtoszt, olyan \u00e1ll\u00edt\u00e1sokat, [&hellip;]","og_url":"https:\/\/obuda.hu\/aldozatsegites\/tenyek-vs-tevhitek\/","og_site_name":"\u00d3buda-B\u00e9k\u00e1smegyer \u00d6nkorm\u00e1nyzat \u00c1ldozatseg\u00edt\u0151 Programja","article_modified_time":"2026-01-16T10:14:52+00:00","og_image":[{"width":1600,"height":900,"url":"https:\/\/obuda.hu\/aldozatsegites\/wp-content\/uploads\/2023\/11\/Aldozat_hero-01.jpg","type":"image\/jpeg"}],"twitter_card":"summary_large_image","twitter_misc":{"Becs\u00fclt olvas\u00e1si id\u0151":"6 perc"},"schema":{"@context":"https:\/\/schema.org","@graph":[{"@type":"WebPage","@id":"https:\/\/obuda.hu\/aldozatsegites\/tenyek-vs-tevhitek\/","url":"https:\/\/obuda.hu\/aldozatsegites\/tenyek-vs-tevhitek\/","name":"T\u00c9NYEK vs. T\u00c9VHITEK - \u00d3buda-B\u00e9k\u00e1smegyer \u00d6nkorm\u00e1nyzat \u00c1ldozatseg\u00edt\u0151 Programja","isPartOf":{"@id":"https:\/\/obuda.hu\/aldozatsegites\/#website"},"datePublished":"2022-10-19T05:26:26+00:00","dateModified":"2026-01-16T10:14:52+00:00","breadcrumb":{"@id":"https:\/\/obuda.hu\/aldozatsegites\/tenyek-vs-tevhitek\/#breadcrumb"},"inLanguage":"hu","potentialAction":[{"@type":"ReadAction","target":["https:\/\/obuda.hu\/aldozatsegites\/tenyek-vs-tevhitek\/"]}]},{"@type":"BreadcrumbList","@id":"https:\/\/obuda.hu\/aldozatsegites\/tenyek-vs-tevhitek\/#breadcrumb","itemListElement":[{"@type":"ListItem","position":1,"name":"Kezd\u0151lap","item":"https:\/\/obuda.hu\/aldozatsegites\/"},{"@type":"ListItem","position":2,"name":"T\u00c9NYEK vs. T\u00c9VHITEK"}]},{"@type":"WebSite","@id":"https:\/\/obuda.hu\/aldozatsegites\/#website","url":"https:\/\/obuda.hu\/aldozatsegites\/","name":"\u00d3buda-B\u00e9k\u00e1smegyer \u00d6nkorm\u00e1nyzat \u00c1ldozatseg\u00edt\u0151 Programja","description":"","potentialAction":[{"@type":"SearchAction","target":{"@type":"EntryPoint","urlTemplate":"https:\/\/obuda.hu\/aldozatsegites\/?s={search_term_string}"},"query-input":"required name=search_term_string"}],"inLanguage":"hu"}]}},"_links":{"self":[{"href":"https:\/\/obuda.hu\/aldozatsegites\/wp-json\/wp\/v2\/pages\/14","targetHints":{"allow":["GET"]}}],"collection":[{"href":"https:\/\/obuda.hu\/aldozatsegites\/wp-json\/wp\/v2\/pages"}],"about":[{"href":"https:\/\/obuda.hu\/aldozatsegites\/wp-json\/wp\/v2\/types\/page"}],"author":[{"embeddable":true,"href":"https:\/\/obuda.hu\/aldozatsegites\/wp-json\/wp\/v2\/users\/1"}],"replies":[{"embeddable":true,"href":"https:\/\/obuda.hu\/aldozatsegites\/wp-json\/wp\/v2\/comments?post=14"}],"version-history":[{"count":41,"href":"https:\/\/obuda.hu\/aldozatsegites\/wp-json\/wp\/v2\/pages\/14\/revisions"}],"predecessor-version":[{"id":757,"href":"https:\/\/obuda.hu\/aldozatsegites\/wp-json\/wp\/v2\/pages\/14\/revisions\/757"}],"wp:attachment":[{"href":"https:\/\/obuda.hu\/aldozatsegites\/wp-json\/wp\/v2\/media?parent=14"}],"curies":[{"name":"wp","href":"https:\/\/api.w.org\/{rel}","templated":true}]}}