{"id":16,"date":"2020-09-30T09:51:57","date_gmt":"2020-09-30T09:51:57","guid":{"rendered":"http:\/\/obuda.hu\/gyermekvedelem\/?page_id=16"},"modified":"2025-09-04T12:25:59","modified_gmt":"2025-09-04T12:25:59","slug":"kerdesek-valaszok","status":"publish","type":"page","link":"https:\/\/obuda.hu\/gyermekvedelem\/kerdesek-valaszok\/","title":{"rendered":"K\u00e9rd\u00e9sek\/V\u00e1laszok"},"content":{"rendered":"\t\t<div data-elementor-type=\"wp-page\" data-elementor-id=\"16\" class=\"elementor elementor-16\" data-elementor-post-type=\"page\">\n\t\t\t\t\t\t\t\t\t<section class=\"elementor-section elementor-top-section elementor-element elementor-element-d8ea3b5 elementor-section-height-min-height elementor-section-boxed elementor-section-height-default elementor-section-items-middle\" data-id=\"d8ea3b5\" data-element_type=\"section\" data-settings=\"{&quot;background_background&quot;:&quot;classic&quot;}\">\n\t\t\t\t\t\t<div class=\"elementor-container elementor-column-gap-default\">\n\t\t\t\t\t<div class=\"elementor-column elementor-col-50 elementor-top-column elementor-element elementor-element-5299313\" data-id=\"5299313\" data-element_type=\"column\">\n\t\t\t<div class=\"elementor-widget-wrap\">\n\t\t\t\t\t\t\t\t\t<\/div>\n\t\t<\/div>\n\t\t\t\t<div class=\"elementor-column elementor-col-50 elementor-top-column elementor-element elementor-element-a65a3e2\" data-id=\"a65a3e2\" data-element_type=\"column\">\n\t\t\t<div class=\"elementor-widget-wrap elementor-element-populated\">\n\t\t\t\t\t\t\t\t<div class=\"elementor-element elementor-element-ec0b30f elementor-widget elementor-widget-spacer\" data-id=\"ec0b30f\" data-element_type=\"widget\" data-widget_type=\"spacer.default\">\n\t\t\t\t<div class=\"elementor-widget-container\">\n\t\t\t\t\t<div class=\"elementor-spacer\">\n\t\t\t<div class=\"elementor-spacer-inner\"><\/div>\n\t\t<\/div>\n\t\t\t\t<\/div>\n\t\t\t\t<\/div>\n\t\t\t\t<div class=\"elementor-element elementor-element-ef75c27 elementor-widget elementor-widget-heading\" data-id=\"ef75c27\" data-element_type=\"widget\" data-widget_type=\"heading.default\">\n\t\t\t\t<div class=\"elementor-widget-container\">\n\t\t\t<h2 class=\"elementor-heading-title elementor-size-default\">K\u00e9rd\u00e9sek\/v\u00e1laszok<\/h2>\t\t<\/div>\n\t\t\t\t<\/div>\n\t\t\t\t<div class=\"elementor-element elementor-element-d85b1f3 elementor-widget elementor-widget-text-editor\" data-id=\"d85b1f3\" data-element_type=\"widget\" data-widget_type=\"text-editor.default\">\n\t\t\t\t<div class=\"elementor-widget-container\">\n\t\t\t\t\t\t\t<p>A Hintalovon Gyermekjogi Alap\u00edtv\u00e1ny munkat\u00e1rsaival igyekezt\u00fcnk megv\u00e1laszolni azokat a k\u00e9rd\u00e9seket, amelyek egy 2019-es, \u00f3vodai gyermekb\u00e1ntalmaz\u00e1si eset kapcs\u00e1n leggyakrabban felmer\u00fclnek.<\/p>\t\t\t\t\t\t<\/div>\n\t\t\t\t<\/div>\n\t\t\t\t\t<\/div>\n\t\t<\/div>\n\t\t\t\t\t\t\t<\/div>\n\t\t<\/section>\n\t\t\t\t<section class=\"elementor-section elementor-top-section elementor-element elementor-element-87a76d2 elementor-section-boxed elementor-section-height-default elementor-section-height-default\" data-id=\"87a76d2\" data-element_type=\"section\" data-settings=\"{&quot;background_background&quot;:&quot;classic&quot;}\">\n\t\t\t\t\t\t<div class=\"elementor-container elementor-column-gap-default\">\n\t\t\t\t\t<div class=\"elementor-column elementor-col-100 elementor-top-column elementor-element elementor-element-aa742d6\" data-id=\"aa742d6\" data-element_type=\"column\">\n\t\t\t<div class=\"elementor-widget-wrap elementor-element-populated\">\n\t\t\t\t\t\t\t\t<div class=\"elementor-element elementor-element-5703a2a elementor-widget elementor-widget-text-editor\" data-id=\"5703a2a\" data-element_type=\"widget\" data-widget_type=\"text-editor.default\">\n\t\t\t\t<div class=\"elementor-widget-container\">\n\t\t\t\t\t\t\t<p style=\"text-align: center;\">A ker\u00fclet \u00e9let\u00e9t felbolyd\u00edt\u00f3 esem\u00e9nyt k\u00f6vet\u0151en az \u00e1ldozatok v\u00e9delme \u00e9s a k\u00f6z\u00f6ss\u00e9g \u00e9rt\u00e9keinek meg\u0151rz\u00e9se \u00e9rdek\u00e9ben \u00d3buda-B\u00e9k\u00e1smegyer \u00d6nkorm\u00e1nyzat a Magyarorsz\u00e1gon szok\u00e1sos elj\u00e1r\u00e1srendt\u0151l elt\u00e9r\u0151 megold\u00e1st v\u00e1lasztott.\u00a0<\/p><p style=\"text-align: center;\">Megpr\u00f3b\u00e1lja elej\u00e9t venni a pletyk\u00e1knak azzal, hogy korrekt t\u00e1j\u00e9koztat\u00e1st ad, \u00e9s igyekszik a konkr\u00e9t \u00fcgy tanuls\u00e1gait levonva hossz\u00fa t\u00e1v\u00fa \u00e9s tart\u00f3s v\u00e1ltoz\u00e1sokat el\u00e9rni.<\/p><p style=\"text-align: center;\"><span style=\"color: #d5dade;\">K\u00e9rj\u00fck, figyelmesen olvassa v\u00e9gig az al\u00e1bbi k\u00e9rd\u00e9seket, v\u00e1laszokat. B\u0151vebb t\u00e1j\u00e9koztat\u00e1st \u00e9s tov\u00e1bbi inform\u00e1ci\u00f3kat a megadott oldalakon \u00e9s e-mail-c\u00edmeken tudunk adni.<\/span><\/p>\t\t\t\t\t\t<\/div>\n\t\t\t\t<\/div>\n\t\t\t\t<div class=\"elementor-element elementor-element-55e7020 elementor-widget elementor-widget-accordion\" data-id=\"55e7020\" data-element_type=\"widget\" data-widget_type=\"accordion.default\">\n\t\t\t\t<div class=\"elementor-widget-container\">\n\t\t\t\t\t<div class=\"elementor-accordion\">\n\t\t\t\t\t\t\t<div class=\"elementor-accordion-item\">\n\t\t\t\t\t<div id=\"elementor-tab-title-9001\" class=\"elementor-tab-title\" data-tab=\"1\" role=\"button\" aria-controls=\"elementor-tab-content-9001\" aria-expanded=\"false\">\n\t\t\t\t\t\t\t\t\t\t\t\t\t<span class=\"elementor-accordion-icon elementor-accordion-icon-right\" aria-hidden=\"true\">\n\t\t\t\t\t\t\t\t\t\t\t\t\t\t\t<span class=\"elementor-accordion-icon-closed\"><i class=\"fas fa-plus\"><\/i><\/span>\n\t\t\t\t\t\t\t\t<span class=\"elementor-accordion-icon-opened\"><i class=\"fas fa-minus\"><\/i><\/span>\n\t\t\t\t\t\t\t\t\t\t\t\t\t\t<\/span>\n\t\t\t\t\t\t\t\t\t\t\t\t<a class=\"elementor-accordion-title\" tabindex=\"0\">Mi t\u00f6rt\u00e9nt ?<\/a>\n\t\t\t\t\t<\/div>\n\t\t\t\t\t<div id=\"elementor-tab-content-9001\" class=\"elementor-tab-content elementor-clearfix\" data-tab=\"1\" role=\"region\" aria-labelledby=\"elementor-tab-title-9001\"><p style=\"text-align: center;\">A rend\u0151rs\u00e9g\u00a0 2019 m\u00e1rcius\u00e1ban azonos\u00edtott egy \u00f3v\u00f3n\u0151t \u00e9s \u00e9lett\u00e1rs\u00e1t, akik a n\u0151 gyermekkor\u00fa unokah\u00fag\u00e1t szexu\u00e1lisan abuz\u00e1lt\u00e1k. A nyomoz\u00e1s sor\u00e1n meg\u00e1llap\u00edtott\u00e1k, hogy a f\u00e9rfi saj\u00e1t gyermek\u00fckkel is folytatott szexu\u00e1lis cselekm\u00e9nyeket.<\/p><p style=\"text-align: center;\">A k\u00e9t gyan\u00fas\u00edtott az interneten k\u00fcl\u00f6nb\u00f6z\u0151 pedofil f\u00f3rumokon terjesztette a szexu\u00e1lis vissza\u00e9l\u00e9seikr\u0151l k\u00e9sz\u00edtett gyermekpornogr\u00e1f felv\u00e9teleket. A nyomoz\u00f3k az elj\u00e1r\u00e1s sor\u00e1n bizony\u00edt\u00e9kokat tal\u00e1ltak arra vonatkoz\u00f3an is, hogy a gyan\u00fas\u00edtott \u00f3v\u00f3n\u0151 a munkahely\u00e9n is k\u00e9sz\u00edtett gyermekpornogr\u00e1f felv\u00e9teleket t\u00f6bb r\u00e1b\u00edzott \u00f3vod\u00e1sr\u00f3l.<\/p><p style=\"text-align: center;\">A gyan\u00fas\u00edtottak lak\u00f3hely\u00e9n megtartott kutat\u00e1s alkalm\u00e1val a nyomoz\u00f3k informatikai eszk\u00f6z\u00f6ket foglaltak le, amelyeken k\u00fcl\u00f6nb\u00f6z\u0151 vizsg\u00e1latokat k\u00f6vet\u0151en tov\u00e1bbi gyermekpornogr\u00e1f tartalm\u00fa k\u00e9p- \u00e9s vide\u00f3felv\u00e9teleket tal\u00e1ltak. A f\u00e9rfival \u00e9s a n\u0151vel szemben szexu\u00e1lis er\u0151szak \u00e9s m\u00e1s b\u0171ncselekm\u00e9nyek miatt folyik elj\u00e1r\u00e1s.<\/p><\/div>\n\t\t\t\t<\/div>\n\t\t\t\t\t\t\t<div class=\"elementor-accordion-item\">\n\t\t\t\t\t<div id=\"elementor-tab-title-9002\" class=\"elementor-tab-title\" data-tab=\"2\" role=\"button\" aria-controls=\"elementor-tab-content-9002\" aria-expanded=\"false\">\n\t\t\t\t\t\t\t\t\t\t\t\t\t<span class=\"elementor-accordion-icon elementor-accordion-icon-right\" aria-hidden=\"true\">\n\t\t\t\t\t\t\t\t\t\t\t\t\t\t\t<span class=\"elementor-accordion-icon-closed\"><i class=\"fas fa-plus\"><\/i><\/span>\n\t\t\t\t\t\t\t\t<span class=\"elementor-accordion-icon-opened\"><i class=\"fas fa-minus\"><\/i><\/span>\n\t\t\t\t\t\t\t\t\t\t\t\t\t\t<\/span>\n\t\t\t\t\t\t\t\t\t\t\t\t<a class=\"elementor-accordion-title\" tabindex=\"0\">Hol t\u00f6rt\u00e9nt?<\/a>\n\t\t\t\t\t<\/div>\n\t\t\t\t\t<div id=\"elementor-tab-content-9002\" class=\"elementor-tab-content elementor-clearfix\" data-tab=\"2\" role=\"region\" aria-labelledby=\"elementor-tab-title-9002\"><p style=\"text-align: center;\">Tiszt\u00e1ban vagyunk vele, hogy az \u00e9rdekl\u0151d\u0151k k\u00edv\u00e1ncsiak arra, melyik \u00f3vod\u00e1ban t\u00f6rt\u00e9nt ez a b\u00e1ntalmaz\u00e1s eset. Az \u00fcgyben \u00e9rintett gyerekek \u00e9s csal\u00e1djaik, valamint az \u00f3vodai munkat\u00e1rsak v\u00e9delme \u00e9rdek\u00e9ben \u2013 akik ugyan az \u00e9rintett int\u00e9zm\u00e9nyben dolgoznak, de az esetr\u0151l semmit nem tudtak \u2013 ezt az inform\u00e1ci\u00f3t nem tessz\u00fck k\u00f6zz\u00e9.\u00a0<\/p><p style=\"text-align: center;\">\u00c1ldozatv\u00e9delmi \u00e9s adatv\u00e9delmi okokb\u00f3l\u00a0a rend\u0151rs\u00e9g sem nevezte meg az \u00f3vod\u00e1t k\u00f6zlem\u00e9ny\u00e9ben. Nek\u00fcnk azonban enn\u00e9l t\u00f6bb indokunk is van. Hissz\u00fck, hogy egy ilyen b\u00e1ntalmaz\u00e1s eset nemcsak egy konkr\u00e9t helyet vagy int\u00e9zm\u00e9nyt \u00e9rint, hanem az eg\u00e9sz k\u00f6z\u00f6ss\u00e9g\u00fcnket. Az \u00e1ldozatok\u00e9rt mindent megtesz\u00fcnk, de a sz\u00e9les nyilv\u00e1noss\u00e1g el\u0151tt nem az a c\u00e9l, hogy a reflektorf\u00e9nyt r\u00e1juk ir\u00e1ny\u00edtsuk \u2013 ezzel \u00fajabb s\u00e9relmet \u00e9s f\u00e1jdalmat okozva.<\/p><p style=\"text-align: center;\">Az \u00d6nkorm\u00e1nyzat elk\u00f6telezett abban, hogy a konkr\u00e9t \u00fcgy tanuls\u00e1gait levonva, azt egy l\u00e9p\u00e9s t\u00e1vols\u00e1gb\u00f3l n\u00e9zve, olyan d\u00f6nt\u00e9seket hozzon, amelyek eg\u00e9sz k\u00f6z\u00f6ss\u00e9g\u00fcnk j\u00f3ll\u00e9t\u00e9t szolg\u00e1lj\u00e1k. Ezt az esetet meg nem t\u00f6rt\u00e9ntt\u00e9 m\u00e1r nem tudjuk tenni, de hisz\u00fcnk abban, hogy kell\u0151 er\u0151fesz\u00edt\u00e9ssel \u00e9s gondoss\u00e1ggal meg tudjuk el\u0151zni, hogy a j\u00f6v\u0151ben ak\u00e1r itt, ak\u00e1r m\u00e1s int\u00e9zm\u00e9nyben \u00fajabb s\u00falyos b\u00e1ntalmaz\u00e1s fordulhasson el\u0151.\u00a0<\/p><\/div>\n\t\t\t\t<\/div>\n\t\t\t\t\t\t\t<div class=\"elementor-accordion-item\">\n\t\t\t\t\t<div id=\"elementor-tab-title-9003\" class=\"elementor-tab-title\" data-tab=\"3\" role=\"button\" aria-controls=\"elementor-tab-content-9003\" aria-expanded=\"false\">\n\t\t\t\t\t\t\t\t\t\t\t\t\t<span class=\"elementor-accordion-icon elementor-accordion-icon-right\" aria-hidden=\"true\">\n\t\t\t\t\t\t\t\t\t\t\t\t\t\t\t<span class=\"elementor-accordion-icon-closed\"><i class=\"fas fa-plus\"><\/i><\/span>\n\t\t\t\t\t\t\t\t<span class=\"elementor-accordion-icon-opened\"><i class=\"fas fa-minus\"><\/i><\/span>\n\t\t\t\t\t\t\t\t\t\t\t\t\t\t<\/span>\n\t\t\t\t\t\t\t\t\t\t\t\t<a class=\"elementor-accordion-title\" tabindex=\"0\">Mi\u00e9rt most der\u00fclt ki?<\/a>\n\t\t\t\t\t<\/div>\n\t\t\t\t\t<div id=\"elementor-tab-content-9003\" class=\"elementor-tab-content elementor-clearfix\" data-tab=\"3\" role=\"region\" aria-labelledby=\"elementor-tab-title-9003\"><p style=\"text-align: center;\">A gyan\u00fas\u00edtottakat 2019 m\u00e1rcius\u00e1ban azonos\u00edtott\u00e1k egy k\u00f6zeli hozz\u00e1tartoz\u00f3juk s\u00e9relm\u00e9re elk\u00f6vetett szexu\u00e1lis b\u0171ncselekm\u00e9ny kapcs\u00e1n \u2013 ennek az \u00fcgynek a nyomoz\u00e1sa sor\u00e1n tal\u00e1lt a rend\u0151rs\u00e9g bizony\u00edt\u00e9kot arra, hogy az egyik gyan\u00fas\u00edtott a r\u00e1b\u00edzott \u00f3vod\u00e1s gyermekekr\u0151l titokban felv\u00e9teleket k\u00e9sz\u00edtett. Az \u00f3vod\u00e1ba j\u00e1r\u00f3 gyerekekkel kapcsolatban egy\u00e9b er\u0151szakcselekm\u00e9ny gyan\u00faja nem mer\u00fclt fel. Az \u00f3v\u00f3n\u0151, aki ellen elj\u00e1r\u00e1s folyik, 2016-ig volt az \u00f3voda dolgoz\u00f3ja (a munkaviszony\u00e1t 2019-ben sz\u00fcntett\u00e9k meg a hat\u00f3s\u00e1gi elj\u00e1r\u00e1s megindul\u00e1s\u00e1t k\u00f6vet\u0151en).\u00a0<\/p><p style=\"text-align: center;\">\u00a0<\/p><p style=\"text-align: center;\">A rend\u0151rs\u00e9gi nyomoz\u00e1s miatt az eset a k\u00f6zvetlen \u00e9rintettek, a gyan\u00fas\u00edtott munkahely\u00e9t jelent\u0151 \u00f3voda vezet\u0151je, illetve az \u00f3vod\u00e1t fenntart\u00f3 \u00d6nkorm\u00e1nyzat egyes munkat\u00e1rsai sz\u00e1m\u00e1ra m\u00e1r 2019-ben ismertt\u00e9 v\u00e1lt. Enn\u00e9l sz\u00e9lesebb k\u00f6rben azonban nem.\u00a0<\/p><p style=\"text-align: center;\">\u00a0<\/p><p style=\"text-align: center;\">K\u00e9s\u0151bb, 2020 tavasz\u00e1n a rend\u0151rs\u00e9g (a r\u00e9szletes adatok k\u00f6zz\u00e9t\u00e9tele n\u00e9lk\u00fcl) <a href=\"http:\/\/www.police.hu\/hu\/hirek-es-informaciok\/legfrissebb-hireink\/bunugyek\/csaladon-beluli-szexualis-kizsakmanyolas\"><b>k\u00f6zlem\u00e9nyt<\/b><\/a> adott ki arr\u00f3l, hogy az \u00fcgyben a nyomoz\u00e1s sikeres volt, \u00e9s az \u00fcgy v\u00e1demel\u00e9si javaslattal \u00e1tker\u00fclt az \u00fcgy\u00e9szs\u00e9ghez.\u00a0<\/p><p style=\"text-align: center;\">Az \u00d6nkorm\u00e1nyzat mint \u00f3vodafenntart\u00f3 2019 november v\u00e9g\u00e9t\u0151l bels\u0151 vizsg\u00e1latot folytatott az \u00fcgy k\u00f6r\u00fclm\u00e9nyeinek felt\u00e1r\u00e1s\u00e1ra. Ezt nagym\u00e9rt\u00e9kben nehez\u00edtette a pand\u00e9mia \u00e9s az el\u0151z\u0151 vezet\u00e9s \u00e1ltal kinevezett, m\u00e9g hivatalban l\u00e9v\u0151 k\u00f6z\u00e9pvezet\u0151k esetleges \u00e9rintetts\u00e9g\u00e9nek felt\u00e1r\u00e1sa.<\/p><p style=\"text-align: center;\">Ennek a bels\u0151 vizsg\u00e1latnak egyik eredm\u00e9nye \u00e9s k\u00f6vetkezm\u00e9nye, hogy az \u00d6nkorm\u00e1nyzat 2020 szeptember\u00e9ben a gyermekekkel szembeni er\u0151szak \u00fcgy\u00e9t, a megel\u0151z\u00e9s\u00e9rt \u00e9s a kezel\u00e9s\u00e9rt val\u00f3 int\u00e9zm\u00e9nyi felel\u0151ss\u00e9g\u00e9t a sz\u00e9lesebb nyilv\u00e1noss\u00e1g el\u0151tt is felv\u00e1llaltan k\u00e9pviseli.<\/p><p style=\"text-align: center;\">\u00a0<\/p><p style=\"text-align: center;\">A gyermekekkel szembeni szexu\u00e1lis er\u0151szak \u00fcgyek \u00e1ltal\u00e1nos jellemz\u0151je, hogy nagyon sokszor rejtve marad, vagy csak\u00a0 hossz\u00fa id\u0151 eltelt\u00e9vel der\u00fcl ki, hogy mi t\u00f6rt\u00e9nt. Ez\u00e9rt is szab\u00e1lyozza \u00fagy 2014 \u00f3ta a B\u00fcntet\u0151 T\u00f6rv\u00e9nyk\u00f6nyv, hogy a gyermekekkel szemben elk\u00f6vetett szexu\u00e1liser\u0151szak-b\u0171ncselekm\u00e9nyek nem \u00e9v\u00fclnek el.\u00a0\u00a0\u00a0<\/p><\/div>\n\t\t\t\t<\/div>\n\t\t\t\t\t\t\t<div class=\"elementor-accordion-item\">\n\t\t\t\t\t<div id=\"elementor-tab-title-9004\" class=\"elementor-tab-title\" data-tab=\"4\" role=\"button\" aria-controls=\"elementor-tab-content-9004\" aria-expanded=\"false\">\n\t\t\t\t\t\t\t\t\t\t\t\t\t<span class=\"elementor-accordion-icon elementor-accordion-icon-right\" aria-hidden=\"true\">\n\t\t\t\t\t\t\t\t\t\t\t\t\t\t\t<span class=\"elementor-accordion-icon-closed\"><i class=\"fas fa-plus\"><\/i><\/span>\n\t\t\t\t\t\t\t\t<span class=\"elementor-accordion-icon-opened\"><i class=\"fas fa-minus\"><\/i><\/span>\n\t\t\t\t\t\t\t\t\t\t\t\t\t\t<\/span>\n\t\t\t\t\t\t\t\t\t\t\t\t<a class=\"elementor-accordion-title\" tabindex=\"0\">Mi\u00e9rt nem tettek semmit, miut\u00e1n kider\u00fclt, mi t\u00f6rt\u00e9nt?  <\/a>\n\t\t\t\t\t<\/div>\n\t\t\t\t\t<div id=\"elementor-tab-content-9004\" class=\"elementor-tab-content elementor-clearfix\" data-tab=\"4\" role=\"region\" aria-labelledby=\"elementor-tab-title-9004\"><p style=\"text-align: center;\">A 2020-ban lefolytatott bels\u0151 vizsg\u00e1lat felt\u00e1rta, hogy az \u00e9rintett \u00f3voda vezet\u0151je, miut\u00e1n a rend\u0151rs\u00e9gt\u0151l \u00e9rtes\u00fclt a b\u00e1ntalmaz\u00e1s gyan\u00faj\u00e1r\u00f3l, halad\u00e9ktalanul seg\u00edts\u00e9get \u00e9s ir\u00e1nymutat\u00e1st k\u00e9rt a fenntart\u00f3t\u00f3l. Elmaradt azonban a 2016 \u00f3ta k\u00f6telez\u0151 gyermekv\u00e9delmi jelz\u00e9s, \u00e9s a fenntart\u00f3 sem tett l\u00e9p\u00e9seket sem az int\u00e9zm\u00e9nyben dolgoz\u00f3 \u00f3vodapedag\u00f3gusok \u00e9s m\u00e1s munkat\u00e1rsak, sem pedig a gyermekek \u00e9s a sz\u00fcleik ir\u00e1ny\u00e1ba.<\/p><p style=\"text-align: center;\">\u00a0<\/p><p style=\"text-align: center;\">Mivel a gyermekekkel szembeni szexu\u00e1lis b\u0171ncselekm\u00e9nnyel meggyan\u00fas\u00edtott szem\u00e9ly m\u00e1r nem \u00e1llt munkaviszonyban az \u00f3vod\u00e1val, ez\u00e9rt jogszab\u00e1lyt csak azzal s\u00e9rtettek, hogy a gyermekv\u00e9delmi jelz\u00e9s elmaradt. Egy\u00e9b k\u00f6telez\u0151, sz\u00e1monk\u00e9rhet\u0151 teend\u0151je nem volt sem az \u00f3vod\u00e1nak, sem a fenntart\u00f3nak \u2013 m\u00e9gis joggal \u00e9rezz\u00fck, hogy enn\u00e9l t\u00f6bbnek kellett volna t\u00f6rt\u00e9nnie.\u00a0<\/p><p style=\"text-align: center;\">\u00a0<\/p><p style=\"text-align: center;\">Ez\u00e9rt is v\u00e1llalt k\u00f6telezetts\u00e9get az \u00d6nkorm\u00e1nyzat, hogy a ker\u00fclet valamennyi \u00f3vod\u00e1j\u00e1ban olyan gyermekv\u00e9delmi elj\u00e1r\u00e1srendet vezet be, amely seg\u00edti a gyermekekkel szembeni b\u00e1ntalmaz\u00e1s \u00fcgyekben a hat\u00e9kony \u00e9s k\u00f6vetkezetes fell\u00e9p\u00e9st, valamint a megel\u0151z\u00e9st.\u00a0<\/p><\/div>\n\t\t\t\t<\/div>\n\t\t\t\t\t\t\t<div class=\"elementor-accordion-item\">\n\t\t\t\t\t<div id=\"elementor-tab-title-9005\" class=\"elementor-tab-title\" data-tab=\"5\" role=\"button\" aria-controls=\"elementor-tab-content-9005\" aria-expanded=\"false\">\n\t\t\t\t\t\t\t\t\t\t\t\t\t<span class=\"elementor-accordion-icon elementor-accordion-icon-right\" aria-hidden=\"true\">\n\t\t\t\t\t\t\t\t\t\t\t\t\t\t\t<span class=\"elementor-accordion-icon-closed\"><i class=\"fas fa-plus\"><\/i><\/span>\n\t\t\t\t\t\t\t\t<span class=\"elementor-accordion-icon-opened\"><i class=\"fas fa-minus\"><\/i><\/span>\n\t\t\t\t\t\t\t\t\t\t\t\t\t\t<\/span>\n\t\t\t\t\t\t\t\t\t\t\t\t<a class=\"elementor-accordion-title\" tabindex=\"0\">Hogyhogy nem vett\u00e9k \u00e9szre az \u00f3voda dolgoz\u00f3i \u00e9s vezet\u0151i ennyi \u00e9ven \u00e1t?<\/a>\n\t\t\t\t\t<\/div>\n\t\t\t\t\t<div id=\"elementor-tab-content-9005\" class=\"elementor-tab-content elementor-clearfix\" data-tab=\"5\" role=\"region\" aria-labelledby=\"elementor-tab-title-9005\"><p style=\"text-align: center;\">Ebben az esetben az \u00f3vod\u00e1ba j\u00e1r\u00f3 gyerekekkel kapcsolatban online szexu\u00e1lis vissza\u00e9l\u00e9s t\u00f6rt\u00e9nt. Ez azt jelenti, hogy a gyermekekr\u0151l titkolt m\u00f3don (tudom\u00e1sunk szerint egy falba f\u00fart lyukon kereszt\u00fcl) felv\u00e9telek k\u00e9sz\u00fcltek, majd ezeket a felv\u00e9teleket az interneten \u00fan. pedofilh\u00e1l\u00f3zatokon kereszt\u00fcl terjesztett\u00e9k. Az elk\u00f6vet\u0151 mindv\u00e9gig rejtve, senki sz\u00e1m\u00e1ra nem l\u00e1that\u00f3 vagy tudhat\u00f3 m\u00f3don dolgozott ezeknek a felv\u00e9teleknek az elk\u00e9sz\u00edt\u00e9s\u00e9n.\u00a0<\/p><p style=\"text-align: center;\">\u00a0<\/p><p style=\"text-align: center;\">A gyermekek elleni szexu\u00e1lis er\u0151szak elk\u00f6vet\u0151i \u00e1ltal\u00e1ban \u00e9s jellemz\u0151en manipulat\u00edv term\u00e9szet\u0171 emberek. Az \u00e9let legt\u00f6bb ter\u00fclet\u00e9n (\u00edgy p\u00e9ld\u00e1ul a munk\u00e1ban) sem adj\u00e1k tan\u00fajel\u00e9t annak, hogy a gyermekekkel kapcsolatban milyen \u00e9rdekl\u0151d\u00e9s\u00fck, vonz\u00f3d\u00e1suk van. A legt\u00f6bb esetben a gyermekkel kialak\u00edtott bizalmi viszonyt haszn\u00e1lj\u00e1k fel arra, hogy tett\u00fcket elk\u00f6vess\u00e9k \u2013 a sz\u00f3 szoros \u00e9rtelm\u00e9ben vett er\u0151szakra (p\u00e9ld\u00e1ul fizikai k\u00e9nyszer\u00edt\u00e9sre) ritk\u00e1n ker\u00fcl sor. \u00cdgy neh\u00e9z az \u00fcgyek felder\u00edt\u00e9se, a tettesek lebuktat\u00e1sa is.\u00a0<\/p><p style=\"text-align: center;\">\u00a0<\/p><p style=\"text-align: center;\">Ez\u00e9rt is fontos, hogy az \u00d6nkorm\u00e1nyzat \u00e1ltal a ker\u00fclet valamennyi \u00f3vod\u00e1j\u00e1ban bevezetni \u00e9s m\u0171k\u00f6dtetni k\u00edv\u00e1nt gyermekv\u00e9delmi ir\u00e1nyelvek k\u00fcl\u00f6n foglalkozik azzal, hogyan sz\u0171rhet\u0151ek ki a potenci\u00e1lis b\u00e1ntalmaz\u00f3k, illetve mi mindent lehet tenni annak \u00e9rdek\u00e9ben, hogy ha m\u00e9gis siker\u00fclt gyerekek k\u00f6zel\u00e9be ker\u00fclni\u00fck, min\u00e9l hamarabb el lehessen t\u00e1vol\u00edtani \u0151ket.\u00a0<\/p><\/div>\n\t\t\t\t<\/div>\n\t\t\t\t\t\t\t<div class=\"elementor-accordion-item\">\n\t\t\t\t\t<div id=\"elementor-tab-title-9006\" class=\"elementor-tab-title\" data-tab=\"6\" role=\"button\" aria-controls=\"elementor-tab-content-9006\" aria-expanded=\"false\">\n\t\t\t\t\t\t\t\t\t\t\t\t\t<span class=\"elementor-accordion-icon elementor-accordion-icon-right\" aria-hidden=\"true\">\n\t\t\t\t\t\t\t\t\t\t\t\t\t\t\t<span class=\"elementor-accordion-icon-closed\"><i class=\"fas fa-plus\"><\/i><\/span>\n\t\t\t\t\t\t\t\t<span class=\"elementor-accordion-icon-opened\"><i class=\"fas fa-minus\"><\/i><\/span>\n\t\t\t\t\t\t\t\t\t\t\t\t\t\t<\/span>\n\t\t\t\t\t\t\t\t\t\t\t\t<a class=\"elementor-accordion-title\" tabindex=\"0\">Hogyhogy nem vette \u00e9szre az \u00e9rintett gyerekek csal\u00e1dj\u00e1ban, k\u00f6rnyezet\u00e9ben senki ennyi \u00e9ven \u00e1t? <\/a>\n\t\t\t\t\t<\/div>\n\t\t\t\t\t<div id=\"elementor-tab-content-9006\" class=\"elementor-tab-content elementor-clearfix\" data-tab=\"6\" role=\"region\" aria-labelledby=\"elementor-tab-title-9006\"><p style=\"text-align: center;\">A gyan\u00fas\u00edtottak szexu\u00e1lis er\u0151szak \u00e9s m\u00e1s b\u0171ncselekm\u00e9nyek miatt \u00e1llnak b\u00edr\u00f3s\u00e1g el\u00e9. E gyermekekkel szembeni szexu\u00e1lis vissza\u00e9l\u00e9sek (k\u00fcl\u00f6n\u00f6sen azok, amelyeket az online t\u00e9rben, az interneten k\u00f6vetnek el) igen gyakran maradnak rejtve, sok esetben az elk\u00f6vet\u0151t soha nem vonj\u00e1k felel\u0151ss\u00e9gre. Az \u00e1ltal\u00e1nosan haszn\u00e1lt becsl\u00e9sek szerint a gyermekekkel szemben elk\u00f6vetett szexu\u00e1lis vissza\u00e9l\u00e9sekn\u00e9l 100 megt\u00f6rt\u00e9nt esetb\u0151l 10 der\u00fcl ki, \u00e9s 1 esetben indul elj\u00e1r\u00e1s. Ezek d\u00f6bbenetes sz\u00e1mok, amelyek azt t\u00e1masztj\u00e1k al\u00e1, hogy a legt\u00f6bb esetben nem veszi \u00e9szre senki a gyermekek k\u00f6rnyezet\u00e9ben, hogy mi t\u00f6rt\u00e9nt.\u00a0<\/p><p style=\"text-align: center;\">\u00a0<\/p><p style=\"text-align: center;\">Ennek egyik oka, hogy ha a b\u00e1ntalmaz\u00e1s csal\u00e1don bel\u00fcl t\u00f6rt\u00e9nik (mint ebben az \u00fcgyben is, a szexu\u00e1lis er\u0151szak cselekm\u00e9nyt a gyan\u00fas\u00edtottak a saj\u00e1t csal\u00e1djukban k\u00f6vett\u00e9k el), akkor a gyermek legkiszolg\u00e1ltatottabb. A b\u00e1ntalmaz\u00f3 csal\u00e1dok \u00e1ltal\u00e1ban z\u00e1rtan m\u0171k\u00f6dnek. Jellemz\u0151en nem nagyon vannak szoros k\u00fcls\u0151 kapcsolataik, nem engedik a k\u00edv\u00fcl\u00e1ll\u00f3knak, hogy belel\u00e1ssanak az \u00e9let\u00fckbe. R\u00e1ad\u00e1sul a b\u00e1ntalmaz\u00f3k gyakran megt\u00e9vesztik a k\u00f6rnyezet\u00fcket, \u00e9s kihaszn\u00e1lj\u00e1k azt, hogy az \u00e9let\u00fcknek vannak olyan r\u00e9szeik (sport, hobbi stb.), ahol \u00fagy tudnak m\u00e1sokkal tal\u00e1lkozni, hogy nincsenek jelen gyerekek, fel sem mer\u00fcl a b\u00e1ntalmaz\u00e1s lehet\u0151s\u00e9ge \u2013 \u00edgy kedvez\u0151 arcukat tudj\u00e1k mutatni.<\/p><p style=\"text-align: center;\">\u00a0<\/p><p style=\"text-align: center;\">Mindezek miatt az \u00f6nkorm\u00e1nyzat komplex m\u00f3don k\u00f6zel\u00edti meg a gyermekekkel szembeni er\u0151szak probl\u00e9m\u00e1j\u00e1t. A konkr\u00e9t esett\u0151l elvonatkoztatva, \u00e1ltal\u00e1nos jelleggel, \u00e9s nem csak a szakemberek, hanem a laikusok sz\u00e1m\u00e1ra is szervez a t\u00e9m\u00e1ban programokat, \u00e9rz\u00e9keny\u00edt\u0151 kamp\u00e1nyt.<\/p><\/div>\n\t\t\t\t<\/div>\n\t\t\t\t\t\t\t<div class=\"elementor-accordion-item\">\n\t\t\t\t\t<div id=\"elementor-tab-title-9007\" class=\"elementor-tab-title\" data-tab=\"7\" role=\"button\" aria-controls=\"elementor-tab-content-9007\" aria-expanded=\"false\">\n\t\t\t\t\t\t\t\t\t\t\t\t\t<span class=\"elementor-accordion-icon elementor-accordion-icon-right\" aria-hidden=\"true\">\n\t\t\t\t\t\t\t\t\t\t\t\t\t\t\t<span class=\"elementor-accordion-icon-closed\"><i class=\"fas fa-plus\"><\/i><\/span>\n\t\t\t\t\t\t\t\t<span class=\"elementor-accordion-icon-opened\"><i class=\"fas fa-minus\"><\/i><\/span>\n\t\t\t\t\t\t\t\t\t\t\t\t\t\t<\/span>\n\t\t\t\t\t\t\t\t\t\t\t\t<a class=\"elementor-accordion-title\" tabindex=\"0\">Milyen megel\u0151z\u0151 int\u00e9zked\u00e9seket tesznek, hogy hasonl\u00f3 eset lehet\u0151leg ne forduljon el\u0151?<\/a>\n\t\t\t\t\t<\/div>\n\t\t\t\t\t<div id=\"elementor-tab-content-9007\" class=\"elementor-tab-content elementor-clearfix\" data-tab=\"7\" role=\"region\" aria-labelledby=\"elementor-tab-title-9007\"><p style=\"text-align: center;\">A b\u00e1ntalmaz\u00e1s \u00e9s a gyermekekkel szembeni er\u0151szak esetek sz\u00e1m\u00e1t sajnos nem lehet null\u00e1ra szor\u00edtani, de a kock\u00e1zatok jelent\u0151s m\u00e9rt\u00e9kben cs\u00f6kkenthet\u0151k. Az \u00d6nkorm\u00e1nyzat r\u00e9sz\u00e9r\u0151l most elkezdett komplex gyermekv\u00e9delmi program seg\u00edt, hogy a gyermekekr\u0151l gondoskod\u00f3, \u00e9rt\u00fck felel\u0151s feln\u0151ttek meger\u0151s\u00edt\u00e9st kapjanak a gyermekb\u00e1ntalmaz\u00e1sos \u00fcgyekkel szembeni hat\u00e9kony fell\u00e9p\u00e9sben.<\/p><p style=\"text-align: center;\">\u00a0<\/p><p style=\"text-align: center;\">Ennek \u00e9rdek\u00e9ben 2020 \u0151sz\u00e9n a szakemberek k\u00f6r\u00e9ben komplex ig\u00e9nyfelm\u00e9r\u00e9st v\u00e9gez az \u00d6nkorm\u00e1nyzat, majd ennek eredm\u00e9nyei alapj\u00e1n kialak\u00edtja azt a k\u00e9pz\u00e9si \u00e9s helyi t\u00e1mogat\u00e1si rendszert, amely a m\u00e1r megl\u00e9v\u0151 j\u00f3 gyakorlatokat \u00e9s a helyi er\u0151forr\u00e1sokat fejleszti tov\u00e1bb.\u00a0<\/p><p style=\"text-align: center;\">Az \u00f3vodai szab\u00e1lyzatokat, elj\u00e1r\u00e1srendeket \u00e1tvil\u00e1g\u00edtjuk, \u00e9s annak eredm\u00e9nye alapj\u00e1n a sz\u00fcks\u00e9ges fejleszt\u00e9seket \u00e9s kieg\u00e9sz\u00edt\u00e9seket megtessz\u00fck.<\/p><p style=\"text-align: center;\">\u00a0<\/p><p style=\"text-align: center;\">Annak \u00e9rdek\u00e9ben, hogy a ker\u00fclet k\u00f6z\u00f6ss\u00e9ge is akt\u00edv r\u00e9szese lehessen a folyamatnak, amelynek c\u00e9lja gyermekeink nagyobb biztons\u00e1ga, \u00e1tfog\u00f3 ismeretterjeszt\u0151 kamp\u00e1nyt tervez\u00fcnk a gyermekekkel szembeni er\u0151szak t\u00e9m\u00e1j\u00e1ban.\u00a0<\/p><p style=\"text-align: center;\">\u00a0<\/p><p style=\"text-align: center;\">Hisz\u00fcnk abban, hogy a csal\u00e1dok \u00e9s a gyermekek, a szakemberek \u00e9s az \u00d6nkorm\u00e1nyzat k\u00f6z\u00f6s fell\u00e9p\u00e9se l\u00e9trehozza azt a v\u00e9d\u0151h\u00e1l\u00f3t, amely hat\u00e9konyan tartja t\u00e1vol a rossz sz\u00e1nd\u00e9k\u00fa embereket, \u00e9s \u00f3vja a gyermekeket.\u00a0<\/p><\/div>\n\t\t\t\t<\/div>\n\t\t\t\t\t\t\t<div class=\"elementor-accordion-item\">\n\t\t\t\t\t<div id=\"elementor-tab-title-9008\" class=\"elementor-tab-title\" data-tab=\"8\" role=\"button\" aria-controls=\"elementor-tab-content-9008\" aria-expanded=\"false\">\n\t\t\t\t\t\t\t\t\t\t\t\t\t<span class=\"elementor-accordion-icon elementor-accordion-icon-right\" aria-hidden=\"true\">\n\t\t\t\t\t\t\t\t\t\t\t\t\t\t\t<span class=\"elementor-accordion-icon-closed\"><i class=\"fas fa-plus\"><\/i><\/span>\n\t\t\t\t\t\t\t\t<span class=\"elementor-accordion-icon-opened\"><i class=\"fas fa-minus\"><\/i><\/span>\n\t\t\t\t\t\t\t\t\t\t\t\t\t\t<\/span>\n\t\t\t\t\t\t\t\t\t\t\t\t<a class=\"elementor-accordion-title\" tabindex=\"0\">Mit tehetek, hov\u00e1 fordulhatok sz\u00fcl\u0151k\u00e9nt, ha \u00fagy sejtem, a gyerekem \u00e9rintett?<\/a>\n\t\t\t\t\t<\/div>\n\t\t\t\t\t<div id=\"elementor-tab-content-9008\" class=\"elementor-tab-content elementor-clearfix\" data-tab=\"8\" role=\"region\" aria-labelledby=\"elementor-tab-title-9008\"><p style=\"text-align: center;\">A ker\u00fcletben folyamatosan el\u00e9rhet\u0151 \u00e9s m\u0171k\u00f6dik a helyi gyermekv\u00e9delmi rendszer, amelyen bel\u00fcl els\u0151sorban a gyermekj\u00f3l\u00e9ti szolg\u00e1lattal val\u00f3 kapcsolatfelv\u00e9telt aj\u00e1nljuk b\u00e1ntalmaz\u00e1s gyan\u00faja eset\u00e9n (<a href=\"https:\/\/ocstgyvk.hu\">https:\/\/ocstgyvk.hu<\/a>).<\/p><p style=\"text-align: center;\">Az \u00d6nkorm\u00e1nyzat a komplex int\u00e9zked\u00e9si program r\u00e9szek\u00e9nt a helyi er\u0151forr\u00e1sok felt\u00e9rk\u00e9pez\u00e9se ut\u00e1n elind\u00edtja, \u00e9s havi rendszeress\u00e9ggel megszervezi a Gyermekjogi\u00a0 Fogad\u00f3\u00f3r\u00e1kat, amelyeken gyermekv\u00e9delemmel \u00e9s a gyermekb\u00e1ntalmaz\u00e1ssal foglalkoz\u00f3 szakemberek biztos\u00edtanak ingyenesen tan\u00e1csad\u00e1st. A fogad\u00f3\u00f3r\u00e1kat valamennyi ker\u00fcleti lakos jogosult ig\u00e9nybe venni.\u00a0<\/p><p style=\"text-align: center;\">A fogad\u00f3\u00f3r\u00e1k rendj\u00e9r\u0151l \u00e9s helysz\u00edn\u00e9r\u0151l az ig\u00e9nyfelm\u00e9r\u00e9st k\u00f6vet\u0151en, k\u00e9s\u0151bb adunk t\u00e1j\u00e9koztat\u00e1st.\u00a0<\/p><\/div>\n\t\t\t\t<\/div>\n\t\t\t\t\t\t\t<div class=\"elementor-accordion-item\">\n\t\t\t\t\t<div id=\"elementor-tab-title-9009\" class=\"elementor-tab-title\" data-tab=\"9\" role=\"button\" aria-controls=\"elementor-tab-content-9009\" aria-expanded=\"false\">\n\t\t\t\t\t\t\t\t\t\t\t\t\t<span class=\"elementor-accordion-icon elementor-accordion-icon-right\" aria-hidden=\"true\">\n\t\t\t\t\t\t\t\t\t\t\t\t\t\t\t<span class=\"elementor-accordion-icon-closed\"><i class=\"fas fa-plus\"><\/i><\/span>\n\t\t\t\t\t\t\t\t<span class=\"elementor-accordion-icon-opened\"><i class=\"fas fa-minus\"><\/i><\/span>\n\t\t\t\t\t\t\t\t\t\t\t\t\t\t<\/span>\n\t\t\t\t\t\t\t\t\t\t\t\t<a class=\"elementor-accordion-title\" tabindex=\"0\">Mit tehetek koll\u00e9gak\u00e9nt, vezet\u0151k\u00e9nt, ha hasonl\u00f3t l\u00e1tok, tapasztalok?<\/a>\n\t\t\t\t\t<\/div>\n\t\t\t\t\t<div id=\"elementor-tab-content-9009\" class=\"elementor-tab-content elementor-clearfix\" data-tab=\"9\" role=\"region\" aria-labelledby=\"elementor-tab-title-9009\"><p style=\"text-align: center;\">Ez az egyik legfontosabb k\u00e9rd\u00e9s, hiszen a gyermekek biztons\u00e1ga alapvet\u0151en azon m\u00falik, \u00e9szreveszik-e a feln\u0151ttek, hogy valami baj t\u00f6rt\u00e9nt, \u00e9s hajland\u00f3ak-e, k\u00e9pesek-e tenni ez ellen. A gyerekek gyakran nem jelzik, ha b\u00e1ntott\u00e1k \u0151ket. Fenyegetve \u00e9rzik magukat, esetleg sz\u00e9gyellik, ami t\u00f6rt\u00e9nt, vagy b\u0171ntudatot \u00e9reznek miatta. De kisebb gyerekekn\u00e9l az is el\u0151fordulhat, hogy nem \u00e9rtik pontosan, mi az, amit a feln\u0151tt csin\u00e1lt vel\u00fck.\u00a0<\/p><p style=\"text-align: center;\">\u00a0<\/p><p style=\"text-align: center;\">Ez\u00e9rt fontos, hogy azok a feln\u0151ttek, akiknek a gondjaira van b\u00edzva egy gyermek, tudj\u00e1k \u00e9s ismerj\u00e9k a b\u00e1ntalmaz\u00e1s t\u00fcneteit \u00e9s jeleit (ez az els\u0151 l\u00e9p\u00e9s). Majd ha felmer\u00fclt a gyan\u00fa arra, hogy egy gyermeket er\u0151szak \u00e9rhetett, tegyenek jelz\u00e9st, a gyermekv\u00e9delmi jelz\u0151rendszer m\u0171k\u00f6d\u00e9s\u00e9re vonatkoz\u00f3 2016. \u00e9vi EMMI-protokolloknak megfelel\u0151en a gyermekv\u00e9delmi rendszer fel\u00e9 (m\u00e1sodik l\u00e9p\u00e9s).<\/p><p style=\"text-align: center;\">\u00a0<\/p><p style=\"text-align: center;\">Az \u00d6nkorm\u00e1nyzat t\u00e1mogat\u00e1s\u00e1val kialak\u00edtand\u00f3 egys\u00e9ges gyermekv\u00e9delmi elj\u00e1r\u00e1srend abban fogja seg\u00edteni a koll\u00e9g\u00e1kat \u00e9s a vezet\u0151ket, hogy pontosan tudj\u00e1k, kinek \u00e9s mikor kell jelezni\u00fck. Mivel az elj\u00e1r\u00e1srend elk\u00e9sz\u00fcl\u00e9s\u00e9hez m\u00e9g id\u0151 kell, az addig tart\u00f3 id\u0151szakban, azt javasoljuk, hogy a jelz\u00e9st\u00e9tel kapcs\u00e1n elbizonytalanod\u00f3 koll\u00e9g\u00e1k a Gyermekv\u00e9delmi Z\u00f6ldsz\u00e1mon (Gyermekv\u00e9d\u0151 H\u00edv\u00f3sz\u00e1m) k\u00e9rjenek seg\u00edts\u00e9get, \u00e9s konzult\u00e1ljanak: 06-80\/212-021.<\/p><p style=\"text-align: center;\">\u00a0<\/p><p style=\"text-align: center;\">Az \u00d6nkorm\u00e1nyzat \u00e1ltal biztos\u00edtott komplex int\u00e9zked\u00e9si program r\u00e9szek\u00e9nt, a Hintalovon Gyermekjogi Alap\u00edtv\u00e1ny Gyermekjogi K\u00f6zpontj\u00e1hoz is lehet k\u00f6zvetlen k\u00e9rd\u00e9ssel, probl\u00e9m\u00e1val fordulni a <a href=\"mailto:jogsegely@hintalovon.hu\">jogsegely@hintalovon.hu<\/a> e-mail c\u00edmen.\u00a0<\/p><p style=\"text-align: center;\">\u00a0<\/p><p style=\"text-align: center;\">B\u00e1rmelyik lehet\u0151s\u00e9get is v\u00e1lasztja valaki, a legfontosabb, amit minden esetben el kell ker\u00fclni, az az, hogy ne tegy\u00fcnk semmit. Hiszen a csend \u00e9s a hallgat\u00e1s mindig a b\u00e1ntalmaz\u00f3t seg\u00edti.\u00a0<\/p><\/div>\n\t\t\t\t<\/div>\n\t\t\t\t\t\t\t<div class=\"elementor-accordion-item\">\n\t\t\t\t\t<div id=\"elementor-tab-title-90010\" class=\"elementor-tab-title\" data-tab=\"10\" role=\"button\" aria-controls=\"elementor-tab-content-90010\" aria-expanded=\"false\">\n\t\t\t\t\t\t\t\t\t\t\t\t\t<span class=\"elementor-accordion-icon elementor-accordion-icon-right\" aria-hidden=\"true\">\n\t\t\t\t\t\t\t\t\t\t\t\t\t\t\t<span class=\"elementor-accordion-icon-closed\"><i class=\"fas fa-plus\"><\/i><\/span>\n\t\t\t\t\t\t\t\t<span class=\"elementor-accordion-icon-opened\"><i class=\"fas fa-minus\"><\/i><\/span>\n\t\t\t\t\t\t\t\t\t\t\t\t\t\t<\/span>\n\t\t\t\t\t\t\t\t\t\t\t\t<a class=\"elementor-accordion-title\" tabindex=\"0\">A gyerek milyen jelz\u00e9seib\u0151l sejthetem, hogy valamif\u00e9le b\u00e1ntalmaz\u00e1s \u00e9rte, vagy hogy sz\u00e1m\u00e1ra kellemetlen szitu\u00e1ci\u00f3ban vett r\u00e9szt?<\/a>\n\t\t\t\t\t<\/div>\n\t\t\t\t\t<div id=\"elementor-tab-content-90010\" class=\"elementor-tab-content elementor-clearfix\" data-tab=\"10\" role=\"region\" aria-labelledby=\"elementor-tab-title-90010\"><p style=\"text-align: center;\">A gyermekekkel szembeni er\u0151szak esetek sokf\u00e9l\u00e9k lehetnek (fizikai vagy lelki b\u00e1ntalmaz\u00e1s, verb\u00e1lis er\u0151szak, amikor \u201eszavakkal vernek\u201d, szexu\u00e1lis er\u0151szak, online zaklat\u00e1s, \u00e9rzelmi vagy fizikai elhanyagol\u00e1s). A t\u00fcnetek is sokf\u00e9l\u00e9k lehetnek, az azonban \u00e1ltal\u00e1nos jellemz\u0151je a b\u00e1ntalmaz\u00e1snak, hogy a gyermek \u00f6nbizalm\u00e1t, \u00f6n\u00e9rt\u00e9kel\u00e9s\u00e9t rombolja, sz\u00e9gyen\u00e9rzetet \u00e9s \u00f6nv\u00e1dat ind\u00edt el, ami miatt alv\u00e1szavarok, ev\u00e9szavarok, s\u00falyos leverts\u00e9g, kedvetlens\u00e9g (depresszi\u00f3) alakulhat ki.<\/p><p style=\"text-align: center;\">\u00a0<\/p><p style=\"text-align: center;\">Vannak b\u00e1ntalmaz\u00e1sok, amelyeknek l\u00e1that\u00f3 t\u00fcneteik is vannak: k\u00e9k-z\u00f6ld foltok, v\u00e9ral\u00e1fut\u00e1sok, horzsol\u00e1sok \u2013 egy gyermek eset\u00e9ben ilyen s\u00e9r\u00fcl\u00e9sek a mindennapi j\u00e1t\u00e9k sor\u00e1n is gyakran keletkeznek, ez\u00e9rt fontos a b\u00e1ntalmaz\u00e1s \u00e9rzelmi, lelki k\u00f6vetkezm\u00e9nyeivel egy\u00fctt vizsg\u00e1lni a testi t\u00fcneteket.<\/p><p style=\"text-align: center;\">\u00a0<\/p><p style=\"text-align: center;\">A szexu\u00e1lis vissza\u00e9l\u00e9sek kapcs\u00e1n gyakori t\u00fcnet, hogy a gyermek szexu\u00e1lis \u00e9rdekl\u0151d\u00e9se er\u0151sebb az \u00e1tlagosn\u00e1l, a nemis\u00e9ggel kapcsolatos \u201etud\u00e1sa\u201d meghaladja az \u00e9letkor\u00e1nak megfelel\u0151 szintet. Gyakran tapasztalhat\u00f3 egyfajta \u00e1tszexualiz\u00e1lts\u00e1g a viselked\u00e9s\u00e9ben (j\u00e1t\u00e9k\u00e1ban, rajzaiban, kommunik\u00e1ci\u00f3j\u00e1ban).<\/p><p style=\"text-align: center;\">\u00a0<\/p><p style=\"text-align: center;\">Szint\u00e9n gyakori t\u00fcnete a b\u00e1ntalmaz\u00e1s \u00e9s er\u0151szak eseteknek, ha a gyermek viselked\u00e9se v\u00e1ratlanul \u00e9s radik\u00e1lisan megv\u00e1ltozik: p\u00e9ld\u00e1ul ny\u00edlt \u00e9s cserfes gyerekb\u0151l hirtelen visszah\u00faz\u00f3d\u00f3, rejt\u0151zk\u00f6d\u0151 gyerek lesz, vagy ford\u00edtva, egy introvert\u00e1lt gyerek hirtelen mindenkinek az \u00f6l\u00e9be m\u00e1szik, \u00e9s g\u00e1tl\u00e1sok n\u00e9lk\u00fcl teremt k\u00fcls\u0151 kapcsolatokat.\u00a0<\/p><p style=\"text-align: center;\">\u00a0<\/p><p style=\"text-align: center;\">Ezek a t\u00fcnetek figyelemre \u00e9s odafigyel\u00e9sre adnak okot \u2013 de \u00f6nmag\u00e1ban a t\u00fcnetekb\u0151l m\u00e9g nem \u00e1llap\u00edthat\u00f3 meg, mi t\u00f6rt\u00e9nt a gyerekkel. Az egyes b\u00e1ntalmaz\u00e1si form\u00e1k \u00e1tfed\u00e9sben vannak egym\u00e1ssal (a fizikai er\u0151szaknak r\u00e9sze a lelki b\u00e1ntalmaz\u00e1s is, a szexu\u00e1lis vissza\u00e9l\u00e9snek az \u00e9rzelmi er\u0151szak stb.). Ez\u00e9rt ha valakiben felmer\u00fcl a gyan\u00fa, hogy a gyermeke b\u00e1ntalmaz\u00e1s \u00e1ldozat\u00e1v\u00e1 v\u00e1lhatott, k\u00e9rj\u00fck, forduljon gyermekv\u00e9delmi szakemberhez, \u00e9s konzult\u00e1ljon vele.\u00a0<\/p><p style=\"text-align: center;\">\u00a0<\/p><p style=\"text-align: center;\">Alapvet\u0151en a ker\u00fcleti gyermekj\u00f3l\u00e9ti szolg\u00e1latot aj\u00e1nljuk erre, de az \u00d6nkorm\u00e1nyzat \u00e1ltal ind\u00edtott Gyermekjogi Fogad\u00f3\u00f3r\u00e1n \u00e9s az ahhoz kapcsolt online seg\u00edt\u0151 fel\u00fcleten, valamint a <a href=\"mailto:jogsegely@hintalovon.hu\">jogsegely@hintalovon.hu<\/a> e-mail-c\u00edmen erre is lehet\u0151s\u00e9g van. (A fogad\u00f3\u00f3r\u00e1k rendj\u00e9r\u0151l \u00e9s helysz\u00edn\u00e9r\u0151l az ig\u00e9nyfelm\u00e9r\u00e9st k\u00f6vet\u0151en, k\u00e9s\u0151bb adunk t\u00e1j\u00e9koztat\u00e1st. A Hintalovon Gyermekjogi Alap\u00edtv\u00e1ny e-mail-c\u00edm\u00e9re \u00e9rkez\u0151 leveleket az Alap\u00edtv\u00e1ny munkat\u00e1rsai igyekeznek 72 \u00f3r\u00e1n bel\u00fcl megv\u00e1laszolni.)<\/p><\/div>\n\t\t\t\t<\/div>\n\t\t\t\t\t\t\t<div class=\"elementor-accordion-item\">\n\t\t\t\t\t<div id=\"elementor-tab-title-90011\" class=\"elementor-tab-title\" data-tab=\"11\" role=\"button\" aria-controls=\"elementor-tab-content-90011\" aria-expanded=\"false\">\n\t\t\t\t\t\t\t\t\t\t\t\t\t<span class=\"elementor-accordion-icon elementor-accordion-icon-right\" aria-hidden=\"true\">\n\t\t\t\t\t\t\t\t\t\t\t\t\t\t\t<span class=\"elementor-accordion-icon-closed\"><i class=\"fas fa-plus\"><\/i><\/span>\n\t\t\t\t\t\t\t\t<span class=\"elementor-accordion-icon-opened\"><i class=\"fas fa-minus\"><\/i><\/span>\n\t\t\t\t\t\t\t\t\t\t\t\t\t\t<\/span>\n\t\t\t\t\t\t\t\t\t\t\t\t<a class=\"elementor-accordion-title\" tabindex=\"0\">Kinek a felel\u0151ss\u00e9ge, hogy ez megt\u00f6rt\u00e9nhetett, \u00e9s milyen k\u00f6vetkezm\u00e9nyei lesznek az esetnek?<\/a>\n\t\t\t\t\t<\/div>\n\t\t\t\t\t<div id=\"elementor-tab-content-90011\" class=\"elementor-tab-content elementor-clearfix\" data-tab=\"11\" role=\"region\" aria-labelledby=\"elementor-tab-title-90011\"><p style=\"text-align: center;\">A felel\u0151ss\u00e9g els\u0151dlegesen mindig az elk\u00f6vet\u0151\u00e9. Jelen esetben az\u00e9 a k\u00e9t ember\u00e9, akik gyerekeket b\u00e1ntalmaztak. De minden ilyen \u00fcgyben fontos, hogy megvizsg\u00e1ljuk, megtett\u00fcnk-e mindent az eset megel\u0151z\u00e9se \u00e9rdek\u00e9ben, illetve volt-e olyan k\u00f6r\u00fclm\u00e9ny, amely hozz\u00e1j\u00e1rulhatott ahhoz, hogy az elk\u00f6vet\u0151k ne bukjanak le, \u00e9s rejtve maradhasson, amit csin\u00e1ltak. Ezt a vizsg\u00e1latot az\u00e9rt is el kell v\u00e9gezni, hogy meg lehessen el\u0151zni a hasonl\u00f3 eseteket.\u00a0<\/p><p style=\"text-align: center;\">\u00a0<\/p><p style=\"text-align: center;\">Az \u00d6nkorm\u00e1nyzat bels\u0151 vizsg\u00e1lata 2019 v\u00e9g\u00e9n indult, \u00e9s 2020 szeptember\u00e9ben z\u00e1rult le. A felt\u00e1rt hib\u00e1k \u00e9s mulaszt\u00e1sok kapcs\u00e1n az \u00d6nkorm\u00e1nyzat a sz\u00fcks\u00e9ges l\u00e9p\u00e9seket megtette.\u00a0<\/p><p style=\"text-align: center;\">\u00a0<\/p><p style=\"text-align: center;\">Egy sz\u00e9lesebb k\u00f6r\u0171 \u00e1tvil\u00e1g\u00edt\u00e1s pedig 2020 \u0151sz\u00e9n kezd\u0151dik. Ennek c\u00e9lja, hogy egys\u00e9ges \u00e9s hat\u00e9kony gyermekv\u00e9delmi elj\u00e1r\u00e1srend m\u0171k\u00f6dj\u00f6n a ker\u00fclet minden \u00f3vod\u00e1j\u00e1ban. Abban b\u00edzunk, hogy a konkr\u00e9t eset hossz\u00fa t\u00e1v\u00fa k\u00f6vetkezm\u00e9nye az lesz, hogy k\u00f6z\u00f6ss\u00e9g\u00fcnk biztons\u00e1gosabb\u00e1, \u00e9rz\u00e9kenyebb\u00e9, figyelmesebb\u00e9 v\u00e1lik. Ehhez igyekszik az \u00d6nkorm\u00e1nyzat minden seg\u00edts\u00e9get megadni.<\/p><\/div>\n\t\t\t\t<\/div>\n\t\t\t\t\t\t\t<div class=\"elementor-accordion-item\">\n\t\t\t\t\t<div id=\"elementor-tab-title-90012\" class=\"elementor-tab-title\" data-tab=\"12\" role=\"button\" aria-controls=\"elementor-tab-content-90012\" aria-expanded=\"false\">\n\t\t\t\t\t\t\t\t\t\t\t\t\t<span class=\"elementor-accordion-icon elementor-accordion-icon-right\" aria-hidden=\"true\">\n\t\t\t\t\t\t\t\t\t\t\t\t\t\t\t<span class=\"elementor-accordion-icon-closed\"><i class=\"fas fa-plus\"><\/i><\/span>\n\t\t\t\t\t\t\t\t<span class=\"elementor-accordion-icon-opened\"><i class=\"fas fa-minus\"><\/i><\/span>\n\t\t\t\t\t\t\t\t\t\t\t\t\t\t<\/span>\n\t\t\t\t\t\t\t\t\t\t\t\t<a class=\"elementor-accordion-title\" tabindex=\"0\">Milyen m\u00f3dokon k\u00edv\u00e1nja seg\u00edteni az \u00d6nkorm\u00e1nyzat az \u00e9rintetteket?<\/a>\n\t\t\t\t\t<\/div>\n\t\t\t\t\t<div id=\"elementor-tab-content-90012\" class=\"elementor-tab-content elementor-clearfix\" data-tab=\"12\" role=\"region\" aria-labelledby=\"elementor-tab-title-90012\"><p style=\"text-align: center;\">A b\u00e1ntalmaz\u00e1sban \u00e9rintettek sz\u00e1m\u00e1ra az \u00d6nkorm\u00e1nyzat teljes k\u00f6r\u0171 t\u00e1j\u00e9koztat\u00e1st biztos\u00edt, valamint ig\u00e9ny eset\u00e9n ingyenes egy\u00e9ni konzult\u00e1ci\u00f3t jogi k\u00e9rd\u00e9sekben, illetve azok pszichol\u00f3giai vonatkoz\u00e1s\u00e1ban a Gyermekjogi Fogad\u00f3\u00f3r\u00e1k keretei k\u00f6z\u00f6tt (a fogad\u00f3\u00f3r\u00e1k rendj\u00e9r\u0151l \u00e9s helysz\u00edn\u00e9r\u0151l az ig\u00e9nyfelm\u00e9r\u00e9st k\u00f6vet\u0151en, k\u00e9s\u0151bb adunk t\u00e1j\u00e9koztat\u00e1st), emellett a <a href=\"mailto:jogsegely@hintalovon.hu\">jogsegely@hintalovon.hu<\/a> e-mail-c\u00edmre \u00e9rkez\u0151 k\u00e9rd\u00e9seket az Hintalovon Gyermekjogi Alap\u00edtv\u00e1ny munkat\u00e1rsai igyekeznek 72 \u00f3r\u00e1n bel\u00fcl megv\u00e1laszolni.\u00a0<\/p><p style=\"text-align: center;\">A szolg\u00e1ltat\u00e1sokat a Hintalovon Alap\u00edtv\u00e1ny Gyermekjogi K\u00f6zpontj\u00e1nak munkat\u00e1rsai biztos\u00edtj\u00e1k.<\/p><p style=\"text-align: center;\">A K\u00f6zpont az orsz\u00e1g legnagyobb gyermekjogi ell\u00e1t\u00f3helye, ahol t\u00f6bb mint 30 \u00fcgyv\u00e9d \u00e9s mintegy 15 m\u00e1s szakember (medi\u00e1tor, sz\u00fcl\u0151coach, pszichol\u00f3gus, gyermekpszichol\u00f3gus) \u00e9rhet\u0151 el a kliensek sz\u00e1m\u00e1ra. A K\u00f6zpontot 2018-ban a vil\u00e1g 20 legjobb, ingyenes gyermekjogi szolg\u00e1ltat\u00e1st ny\u00fajt\u00f3 int\u00e9zm\u00e9nye k\u00f6z\u00e9 v\u00e1lasztott\u00e1k.\u00a0<\/p><\/div>\n\t\t\t\t<\/div>\n\t\t\t\t\t\t\t<div class=\"elementor-accordion-item\">\n\t\t\t\t\t<div id=\"elementor-tab-title-90013\" class=\"elementor-tab-title\" data-tab=\"13\" role=\"button\" aria-controls=\"elementor-tab-content-90013\" aria-expanded=\"false\">\n\t\t\t\t\t\t\t\t\t\t\t\t\t<span class=\"elementor-accordion-icon elementor-accordion-icon-right\" aria-hidden=\"true\">\n\t\t\t\t\t\t\t\t\t\t\t\t\t\t\t<span class=\"elementor-accordion-icon-closed\"><i class=\"fas fa-plus\"><\/i><\/span>\n\t\t\t\t\t\t\t\t<span class=\"elementor-accordion-icon-opened\"><i class=\"fas fa-minus\"><\/i><\/span>\n\t\t\t\t\t\t\t\t\t\t\t\t\t\t<\/span>\n\t\t\t\t\t\t\t\t\t\t\t\t<a class=\"elementor-accordion-title\" tabindex=\"0\">Hogy k\u00e9pes egy n\u0151, egy anya ilyen b\u0171ncselekm\u00e9nyt elk\u00f6vetni?<\/a>\n\t\t\t\t\t<\/div>\n\t\t\t\t\t<div id=\"elementor-tab-content-90013\" class=\"elementor-tab-content elementor-clearfix\" data-tab=\"13\" role=\"region\" aria-labelledby=\"elementor-tab-title-90013\"><p style=\"text-align: center;\">Egy b\u00e1ntalmaz\u00e1st, gyermekkel szembeni er\u0151szakot meg\u00e9rteni (sokszor m\u00e9g elk\u00e9pzelni is) nagyon neh\u00e9z. K\u00fcl\u00f6n\u00f6sen igaz ez akkor, ha az elk\u00f6vet\u0151 nem tekinthet\u0151 \u201etipikusnak\u201d. A szexu\u00e1liser\u0151szak-b\u0171ncselekm\u00e9nyek elk\u00f6vet\u0151inek d\u00f6nt\u0151 t\u00f6bbs\u00e9ge f\u00e9rfi, azonban nem csak \u0151k v\u00e1lhatnak szexu\u00e1lis b\u00e1ntalmaz\u00f3v\u00e1. A n\u0151k \u00f6n\u00e1ll\u00f3an szinte sosem k\u00f6vetik el ezt a cselekm\u00e9nyt \u2013 az elj\u00e1r\u00e1sokban jellemz\u0151en t\u00e1rstettesk\u00e9nt vannak jelen. Seg\u00edtik az \u00e1ldozatok felkutat\u00e1s\u00e1t, megtal\u00e1l\u00e1s\u00e1t, \u201eelcs\u00e1b\u00edt\u00e1s\u00e1t\u201d, \u00e9s biztos\u00edtj\u00e1k az elk\u00f6vet\u00e9shez a k\u00f6r\u00fclm\u00e9nyeket, seg\u00edtenek eltitkolni, hogy mi t\u00f6rt\u00e9nt. S sajnos a legk\u00f6nnyebben \u201emegszerezhet\u0151\u201d \u00e1ldozat gyakran egy k\u00f6zeli hozz\u00e1tartoz\u00f3.<\/p><p style=\"text-align: center;\">\u00a0<\/p><p style=\"text-align: center;\">Ebben az \u00fcgyben is feltehet\u0151en ez t\u00f6rt\u00e9nt, b\u00e1r az elj\u00e1r\u00e1s lez\u00e1rult\u00e1ig azt, hogy a n\u0151i elk\u00f6vet\u0151 csak tettest\u00e1rs, \u00e9s a szexu\u00e1lis er\u0151szakot \u201ekieg\u00e9sz\u00edt\u0151\u201d cselekm\u00e9nyek elk\u00f6vet\u0151je, nem jelenthet\u0151 ki t\u00e9nyszer\u0171en. B\u00e1rmi is volt azonban a szerepe, az, ha\u00a0 \u201ecsak seg\u00edt\u0151k\u00e9nt\u201d volt jelen, semmilyen m\u00f3don nem kisebb\u00edti a cselekm\u00e9nye s\u00faly\u00e1t \u00e9s a b\u00e1ntalmaz\u00e1sok\u00e9rt val\u00f3 felel\u0151ss\u00e9g\u00e9t.\u00a0<\/p><\/div>\n\t\t\t\t<\/div>\n\t\t\t\t\t\t\t<div class=\"elementor-accordion-item\">\n\t\t\t\t\t<div id=\"elementor-tab-title-90014\" class=\"elementor-tab-title\" data-tab=\"14\" role=\"button\" aria-controls=\"elementor-tab-content-90014\" aria-expanded=\"false\">\n\t\t\t\t\t\t\t\t\t\t\t\t\t<span class=\"elementor-accordion-icon elementor-accordion-icon-right\" aria-hidden=\"true\">\n\t\t\t\t\t\t\t\t\t\t\t\t\t\t\t<span class=\"elementor-accordion-icon-closed\"><i class=\"fas fa-plus\"><\/i><\/span>\n\t\t\t\t\t\t\t\t<span class=\"elementor-accordion-icon-opened\"><i class=\"fas fa-minus\"><\/i><\/span>\n\t\t\t\t\t\t\t\t\t\t\t\t\t\t<\/span>\n\t\t\t\t\t\t\t\t\t\t\t\t<a class=\"elementor-accordion-title\" tabindex=\"0\">Hogyhogy nem tudj\u00e1k a k\u00e9pz\u00e9s sor\u00e1n vagy k\u00e9s\u0151bb, egy-egy alkalmass\u00e1gi vizsga alkalm\u00e1val kisz\u0171rni az ilyen hajlamot?<\/a>\n\t\t\t\t\t<\/div>\n\t\t\t\t\t<div id=\"elementor-tab-content-90014\" class=\"elementor-tab-content elementor-clearfix\" data-tab=\"14\" role=\"region\" aria-labelledby=\"elementor-tab-title-90014\"><p style=\"text-align: center;\">Min\u00e9l t\u00f6bbet tudunk egy jelens\u00e9gr\u0151l, ann\u00e1l pontosabban lehet reag\u00e1lni r\u00e1. A gyermekekkel szembeni szexu\u00e1lis vissza\u00e9l\u00e9sek kapcs\u00e1n a pedof\u00edli\u00e1r\u00f3l, illetve a pedofilnak nem tekinthet\u0151 elk\u00f6vet\u0151kr\u0151l most kezd\u00fcnk csak t\u00f6bbet tudni (kor\u00e1bban nagyon kev\u00e9s kutat\u00e1s \u00e9rintette ezt a t\u00e9m\u00e1t). Jelenleg olyan teszt vagy vizsg\u00e1lati m\u00f3dszer, amely alkalmas lenne az ilyen emberek kisz\u0171r\u00e9s\u00e9re, nem l\u00e9tezik.\u00a0<\/p><p style=\"text-align: center;\">\u00a0<\/p><p style=\"text-align: center;\">Ez\u00e9rt is d\u00f6nt\u00f6tt \u00fagy az \u00d6nkorm\u00e1nyzat, hogy a ker\u00fclet valamennyi int\u00e9zm\u00e9ny\u00e9re n\u00e9zve \u00e1tfog\u00f3 programot ind\u00edt a gyermekekkel szembeni b\u00e1ntalmaz\u00e1s t\u00e9m\u00e1j\u00e1ban. Min\u00e9l \u00e9rz\u00e9kenyebbek vagyunk erre, min\u00e9l t\u00f6bben \u00e9s min\u00e9l t\u00f6bbet tudunk r\u00f3la, ann\u00e1l nagyobb biztons\u00e1gban lesznek a gyerekek.\u00a0<\/p><\/div>\n\t\t\t\t<\/div>\n\t\t\t\t\t\t\t<div class=\"elementor-accordion-item\">\n\t\t\t\t\t<div id=\"elementor-tab-title-90015\" class=\"elementor-tab-title\" data-tab=\"15\" role=\"button\" aria-controls=\"elementor-tab-content-90015\" aria-expanded=\"false\">\n\t\t\t\t\t\t\t\t\t\t\t\t\t<span class=\"elementor-accordion-icon elementor-accordion-icon-right\" aria-hidden=\"true\">\n\t\t\t\t\t\t\t\t\t\t\t\t\t\t\t<span class=\"elementor-accordion-icon-closed\"><i class=\"fas fa-plus\"><\/i><\/span>\n\t\t\t\t\t\t\t\t<span class=\"elementor-accordion-icon-opened\"><i class=\"fas fa-minus\"><\/i><\/span>\n\t\t\t\t\t\t\t\t\t\t\t\t\t\t<\/span>\n\t\t\t\t\t\t\t\t\t\t\t\t<a class=\"elementor-accordion-title\" tabindex=\"0\">A legs\u00falyosabb b\u00fcntet\u00e9s elrettent\u0151 hat\u00e1s\u00fa lenne? <\/a>\n\t\t\t\t\t<\/div>\n\t\t\t\t\t<div id=\"elementor-tab-content-90015\" class=\"elementor-tab-content elementor-clearfix\" data-tab=\"15\" role=\"region\" aria-labelledby=\"elementor-tab-title-90015\"><p style=\"text-align: center;\">A 2012-ben \u00e9letbe l\u00e9pett \u00faj B\u00fcntet\u0151elj\u00e1r\u00e1si T\u00f6rv\u00e9nyk\u00f6nyv a nemi erk\u00f6lcs elleni b\u0171ncselekm\u00e9nyek k\u00f6r\u00e9ben a legs\u00falyosabb b\u00fcntet\u00e9st szexu\u00e1lis er\u0151szak eset\u00e9n \u00e1llap\u00edtja meg: maximum 20 \u00e9vig tart\u00f3 szabads\u00e1gveszt\u00e9st, ha valamennyi min\u0151s\u00edt\u0151 k\u00f6r\u00fclm\u00e9ny meg\u00e1llap\u00edthat\u00f3. Enn\u00e9l s\u00falyosabb b\u00fcntet\u00e9si t\u00e9tel jelenleg csak egy van: a t\u00e9nyleges \u00e9letfogytig tart\u00f3 szabads\u00e1gveszt\u00e9s.<\/p><p style=\"text-align: center;\">\u00a0<\/p><p style=\"text-align: center;\">A hat\u00e1lyos b\u00fcntet\u00e9si rendszerben teh\u00e1t komoly szankci\u00f3 szabhat\u00f3 ki a szexu\u00e1lis b\u0171ncselekm\u00e9nyek elk\u00f6vet\u0151ivel szemben. Hogy ennek van-e elrettent\u0151 ereje vagy visszatart\u00f3 hat\u00e1sa, az nagyon fontos, b\u00e1r nehezen megv\u00e1laszolhat\u00f3 k\u00e9rd\u00e9s.<\/p><p style=\"text-align: center;\">\u00a0<\/p><p style=\"text-align: center;\">Alapvet\u0151en a kriminol\u00f3gia tudom\u00e1ny\u00e1nak jelenlegi \u00e1ll\u00e1sa szerint nem a b\u00fcntet\u00e9si t\u00e9tel s\u00falyoss\u00e1g\u00e1nak van visszatart\u00f3 ereje, hanem annak, ha a b\u0171nelk\u00f6vet\u00e9st mindig k\u00f6veti b\u0171nh\u0151d\u00e9s (felel\u0151ss\u00e9gre von\u00e1s). Teh\u00e1t a lebuk\u00e1st\u00f3l val\u00f3 f\u00e9lelemnek van jelent\u0151s\u00e9ge, nem a szankci\u00f3 s\u00falyoss\u00e1g\u00e1nak \u2013 ez\u00e9rt sem szabadult el a b\u0171nelk\u00f6vet\u00e9sek sz\u00e1ma a hal\u00e1lb\u00fcntet\u00e9s elt\u00f6rl\u00e9s\u00e9t k\u00f6vet\u0151en.<\/p><p style=\"text-align: center;\">\u00a0<\/p><p style=\"text-align: center;\">Ez alapj\u00e1n azt tudjuk mondani, hogy az \u201eelrettent\u00e9s \u00e9rdek\u00e9ben\u201d nem s\u00falyosabb jogk\u00f6vetkezm\u00e9nyekre, hanem jobb felder\u00edt\u00e9sre, komolyabb prevenci\u00f3s \u00e9s nyomozati munk\u00e1ra van sz\u00fcks\u00e9g. Azaz min\u00e9l t\u00f6bben hisznek az \u00e1ldozatnak, seg\u00edtik az \u00fcgyek felt\u00e1r\u00e1s\u00e1t, a titkok kider\u00fcl\u00e9s\u00e9t \u00e9s az elk\u00f6vet\u0151k lebuk\u00e1s\u00e1t, ann\u00e1l kevesebben \u00e9reznek majd \u201ekedvet\u201d ahhoz, hogy ilyen cselekm\u00e9nyeket k\u00f6vessenek el.\u00a0<\/p><p style=\"text-align: center;\">\u00a0<\/p><p style=\"text-align: center;\">Ez\u00e9rt helyez az \u00d6nkorm\u00e1nyzat gyermekv\u00e9delmi programja komoly hangs\u00falyt a gyermekb\u00e1ntalmaz\u00e1sok t\u00e9m\u00e1j\u00e1ban val\u00f3 sz\u00e9les k\u00f6r\u0171 \u00e9rz\u00e9keny\u00edt\u00e9sre.\u00a0<\/p><\/div>\n\t\t\t\t<\/div>\n\t\t\t\t\t\t\t<div class=\"elementor-accordion-item\">\n\t\t\t\t\t<div id=\"elementor-tab-title-90016\" class=\"elementor-tab-title\" data-tab=\"16\" role=\"button\" aria-controls=\"elementor-tab-content-90016\" aria-expanded=\"false\">\n\t\t\t\t\t\t\t\t\t\t\t\t\t<span class=\"elementor-accordion-icon elementor-accordion-icon-right\" aria-hidden=\"true\">\n\t\t\t\t\t\t\t\t\t\t\t\t\t\t\t<span class=\"elementor-accordion-icon-closed\"><i class=\"fas fa-plus\"><\/i><\/span>\n\t\t\t\t\t\t\t\t<span class=\"elementor-accordion-icon-opened\"><i class=\"fas fa-minus\"><\/i><\/span>\n\t\t\t\t\t\t\t\t\t\t\t\t\t\t<\/span>\n\t\t\t\t\t\t\t\t\t\t\t\t<a class=\"elementor-accordion-title\" tabindex=\"0\">Nem lenne egyszer\u0171bb a nyilv\u00e1noss\u00e1got kiz\u00e1rva, diszkr\u00e9ten kezelni az esetet? Az \u00e9rintetteknek f\u00e1jdalmas lehet az err\u0151l sz\u00f3l\u00f3 k\u00f6zbesz\u00e9d.<\/a>\n\t\t\t\t\t<\/div>\n\t\t\t\t\t<div id=\"elementor-tab-content-90016\" class=\"elementor-tab-content elementor-clearfix\" data-tab=\"16\" role=\"region\" aria-labelledby=\"elementor-tab-title-90016\"><p style=\"text-align: center;\">Az \u00fcgyr\u0151l a nyilv\u00e1noss\u00e1got els\u0151 \u00edzben a rend\u0151rs\u00e9g t\u00e1j\u00e9koztatta. Nem egys\u00e9ges ennek a gyakorlatnak a meg\u00edt\u00e9l\u00e9se, hogy a rend\u0151rs\u00e9g vagy a b\u00edr\u00f3s\u00e1g a sz\u00e9les k\u00f6r\u0171 \u00e9rdekl\u0151d\u00e9sre ig\u00e9nyt tart\u00f3 \u00fcgyekr\u0151l sajt\u00f3anyagot ad ki. Az azonban t\u00e9ny, hogy n\u00f6velheti a t\u00e1rsadalomban az er\u0151szak ir\u00e1nti \u00e9rz\u00e9kenys\u00e9get, ha olyan, tabunak sz\u00e1m\u00edt\u00f3 t\u00e9m\u00e1kr\u00f3l is hallhatnak, mint a gyermekekkel szembeni szexu\u00e1lis vissza\u00e9l\u00e9sek.\u00a0<\/p><p style=\"text-align: center;\">\u00a0<\/p><p style=\"text-align: center;\">Az \u00e9rintettek mag\u00e1n\u00e9let\u00e9t, priv\u00e1t szf\u00e9r\u00e1j\u00e1t maxim\u00e1lisan tiszteletben kell tartani. Az \u00d6nkorm\u00e1nyzat a nyilv\u00e1noss\u00e1g el\u0151tt a konkr\u00e9t \u00fcggyel kapcsolatban semmilyen olyan r\u00e9szletet vagy adatot nem haszn\u00e1l, amelyet kor\u00e1bban hivatalos szervek nem hoztak nyilv\u00e1noss\u00e1gra.<\/p><p style=\"text-align: center;\">\u00a0<\/p><p style=\"text-align: center;\">Az \u00d6nkorm\u00e1nyzat c\u00e9lja azzal, hogy a nyilv\u00e1noss\u00e1g el\u0151tt felv\u00e1llalta az \u00fcgyet, a hasonl\u00f3 esetek megel\u0151z\u00e9se, a gyermekekkel szembeni er\u0151szak esetekkel kapcsolatos \u00e9rz\u00e9kenys\u00e9g n\u00f6vel\u00e9se, nem pedig a konkr\u00e9t \u00fcgy r\u00e9szleteinek nyilv\u00e1noss\u00e1g el\u0151tti boncolgat\u00e1sa. Az \u00e1ldozatok v\u00e9delme els\u0151dleges szempont.<\/p><\/div>\n\t\t\t\t<\/div>\n\t\t\t\t\t\t\t<div class=\"elementor-accordion-item\">\n\t\t\t\t\t<div id=\"elementor-tab-title-90017\" class=\"elementor-tab-title\" data-tab=\"17\" role=\"button\" aria-controls=\"elementor-tab-content-90017\" aria-expanded=\"false\">\n\t\t\t\t\t\t\t\t\t\t\t\t\t<span class=\"elementor-accordion-icon elementor-accordion-icon-right\" aria-hidden=\"true\">\n\t\t\t\t\t\t\t\t\t\t\t\t\t\t\t<span class=\"elementor-accordion-icon-closed\"><i class=\"fas fa-plus\"><\/i><\/span>\n\t\t\t\t\t\t\t\t<span class=\"elementor-accordion-icon-opened\"><i class=\"fas fa-minus\"><\/i><\/span>\n\t\t\t\t\t\t\t\t\t\t\t\t\t\t<\/span>\n\t\t\t\t\t\t\t\t\t\t\t\t<a class=\"elementor-accordion-title\" tabindex=\"0\">Megoldan\u00e1 az ilyen t\u00edpus\u00fa probl\u00e9m\u00e1kat, ha a mobiltelefon-haszn\u00e1latot egyszer\u0171en betiltan\u00e1k ezekben az int\u00e9zm\u00e9nyekben?<\/a>\n\t\t\t\t\t<\/div>\n\t\t\t\t\t<div id=\"elementor-tab-content-90017\" class=\"elementor-tab-content elementor-clearfix\" data-tab=\"17\" role=\"region\" aria-labelledby=\"elementor-tab-title-90017\"><p>Az \u00d6nkorm\u00e1nyzat 2020 \u0151sz\u00e9n a ker\u00fcletben ig\u00e9nyfelm\u00e9r\u00e9st k\u00e9sz\u00edt, \u00e9s \u00e1tvil\u00e1g\u00edtja az \u00f3vod\u00e1k bels\u0151 szab\u00e1lyzatait. Az eredm\u00e9nyek f\u00e9ny\u00e9ben szak\u00e9rt\u0151k tesznek javaslatot arra, hogy milyen biztons\u00e1gi int\u00e9zked\u00e9sek bevezet\u00e9se javasolt.\u00a0<\/p><p>\u00a0<\/p><p>\u00c9rdemes azonban megjegyezni, hogy a konkr\u00e9t \u00fcgyben az \u00f3vod\u00e1s gyermekekr\u0151l a felv\u00e9teleket titokban, rejtett helyr\u0151l, nem pedig ny\u00edltan k\u00e9sz\u00edtett\u00e9k. \u00cdgy sem a gyermekek, sem az \u00f3vodai alkalmazottak nem voltak tiszt\u00e1ban azzal, hogy a b\u0171ncselekm\u00e9ny elk\u00f6vet\u00e9s\u00e9vel gyan\u00fas\u00edtott \u00f3v\u00f3n\u0151 mit csin\u00e1l.<\/p><\/div>\n\t\t\t\t<\/div>\n\t\t\t\t\t\t\t<div class=\"elementor-accordion-item\">\n\t\t\t\t\t<div id=\"elementor-tab-title-90018\" class=\"elementor-tab-title\" data-tab=\"18\" role=\"button\" aria-controls=\"elementor-tab-content-90018\" aria-expanded=\"false\">\n\t\t\t\t\t\t\t\t\t\t\t\t\t<span class=\"elementor-accordion-icon elementor-accordion-icon-right\" aria-hidden=\"true\">\n\t\t\t\t\t\t\t\t\t\t\t\t\t\t\t<span class=\"elementor-accordion-icon-closed\"><i class=\"fas fa-plus\"><\/i><\/span>\n\t\t\t\t\t\t\t\t<span class=\"elementor-accordion-icon-opened\"><i class=\"fas fa-minus\"><\/i><\/span>\n\t\t\t\t\t\t\t\t\t\t\t\t\t\t<\/span>\n\t\t\t\t\t\t\t\t\t\t\t\t<a class=\"elementor-accordion-title\" tabindex=\"0\">Sz\u00fcl\u0151k\u00e9nt jogom van t\u00e1j\u00e9koztat\u00e1st kapni arr\u00f3l, mi t\u00f6rt\u00e9nik\/t\u00f6rt\u00e9nt az int\u00e9zm\u00e9nyben, ahov\u00e1 a gyerekem j\u00e1r?<\/a>\n\t\t\t\t\t<\/div>\n\t\t\t\t\t<div id=\"elementor-tab-content-90018\" class=\"elementor-tab-content elementor-clearfix\" data-tab=\"18\" role=\"region\" aria-labelledby=\"elementor-tab-title-90018\"><p style=\"text-align: center;\">A konkr\u00e9t \u00fcgyben \u00e9rintett sz\u00fcl\u0151ket az \u00d6nkorm\u00e1nyzat az adatv\u00e9delmi szab\u00e1lyok betart\u00e1sa mellett egy\u00e9nileg is megkeresi t\u00e1j\u00e9koztat\u00e1ssal, \u00e9s azoknak a seg\u00edt\u0151, t\u00e1mogat\u00f3 szolg\u00e1ltat\u00e1soknak az ismertet\u00e9s\u00e9vel, amelyek ingyenesen el\u00e9rhet\u0151ek sz\u00e1mukra.\u00a0<\/p><p style=\"text-align: center;\">\u00a0<\/p><p style=\"text-align: center;\">Azok a sz\u00fcl\u0151k, akik nem \u00e9rintettek k\u00f6zvetlen\u00fcl, az \u00e1ldozatv\u00e9delmi alapelvek els\u0151dlegess\u00e9ge miatt a konkr\u00e9t \u00fcgyr\u0151l r\u00e9szletesebb t\u00e1j\u00e9koztat\u00e1st nem kaphatnak, de felmer\u00fcl\u0151 k\u00e9rd\u00e9seiket b\u00e1rmikor feltehetik az \u00d6nkorm\u00e1nyzat szervez\u00e9s\u00e9ben most elindul\u00f3 Gyermekjogi Fogad\u00f3\u00f3r\u00e1kon, illetve az ahhoz kapcsol\u00f3d\u00f3 internetes fel\u00fcleten. (A fogad\u00f3\u00f3r\u00e1k rendj\u00e9r\u0151l \u00e9s helysz\u00edn\u00e9r\u0151l az ig\u00e9nyfelm\u00e9r\u00e9st k\u00f6vet\u0151en, k\u00e9s\u0151bb adunk t\u00e1j\u00e9koztat\u00e1st.)<\/p><\/div>\n\t\t\t\t<\/div>\n\t\t\t\t\t\t\t<div class=\"elementor-accordion-item\">\n\t\t\t\t\t<div id=\"elementor-tab-title-90019\" class=\"elementor-tab-title\" data-tab=\"19\" role=\"button\" aria-controls=\"elementor-tab-content-90019\" aria-expanded=\"false\">\n\t\t\t\t\t\t\t\t\t\t\t\t\t<span class=\"elementor-accordion-icon elementor-accordion-icon-right\" aria-hidden=\"true\">\n\t\t\t\t\t\t\t\t\t\t\t\t\t\t\t<span class=\"elementor-accordion-icon-closed\"><i class=\"fas fa-plus\"><\/i><\/span>\n\t\t\t\t\t\t\t\t<span class=\"elementor-accordion-icon-opened\"><i class=\"fas fa-minus\"><\/i><\/span>\n\t\t\t\t\t\t\t\t\t\t\t\t\t\t<\/span>\n\t\t\t\t\t\t\t\t\t\t\t\t<a class=\"elementor-accordion-title\" tabindex=\"0\">Ami t\u00f6rt\u00e9nt, az nem az \u00f3voda mag\u00e1nprobl\u00e9m\u00e1ja? Az ilyen esetek miatt lesznek k\u00f6vethetetlen\u00fcl t\u00falszab\u00e1lyozottak az int\u00e9zm\u00e9nyek. A mi id\u0151nkben feleennyi szab\u00e1ly sem volt, m\u00e9gis itt vagyunk. J\u00f3 az, ha most ennyit foglalkozunk ezzel? <\/a>\n\t\t\t\t\t<\/div>\n\t\t\t\t\t<div id=\"elementor-tab-content-90019\" class=\"elementor-tab-content elementor-clearfix\" data-tab=\"19\" role=\"region\" aria-labelledby=\"elementor-tab-title-90019\"><p style=\"text-align: center;\">A gyermekb\u00e1ntalmaz\u00e1s nem mag\u00e1n\u00fcgy. Mindannyiunkra hatnak ezek az esetek, \u00e9s csak k\u00f6z\u00f6s fell\u00e9p\u00e9ssel tudunk biztons\u00e1gosabb k\u00f6rnyezetet teremteni gyermekeinknek. Az \u00d6nkorm\u00e1nyzat most elind\u00edtott programj\u00e1nak c\u00e9lja nem a t\u00falszab\u00e1lyoz\u00e1s, hanem a m\u00e1r megl\u00e9v\u0151 jogszab\u00e1lyi el\u0151\u00edr\u00e1sok k\u00f6vetkezetes \u00e9s hat\u00e9kony alkalmaz\u00e1s\u00e1nak meger\u0151s\u00edt\u00e9se.<\/p><p style=\"text-align: center;\">\u00a0<\/p><p style=\"text-align: center;\">Azt, hogy a m\u00faltban mennyi b\u00e1ntalmaz\u00e1sos eset t\u00f6rt\u00e9nhetett gyermekekkel szemben, megbecs\u00fclni sem tudjuk, hiszen legnagyobb r\u00e9sz\u00fck \u00f6r\u00f6kre rejtve, titokban maradt. Az, hogy most t\u00f6bbet besz\u00e9l\u00fcnk a szexu\u00e1lis vissza\u00e9l\u00e9sekr\u0151l \u00e9s a gyermekekkel szembeni er\u0151szakr\u00f3l, nem a b\u0171ncselekm\u00e9nyek sz\u00e1m\u00e1t n\u00f6veli, hanem a rejtve marad\u00e1st cs\u00f6kkenti. Ezzel pedig nagyobb biztons\u00e1got teremt, amiben jobb \u00e9lni.\u00a0<\/p><\/div>\n\t\t\t\t<\/div>\n\t\t\t\t\t\t\t<div class=\"elementor-accordion-item\">\n\t\t\t\t\t<div id=\"elementor-tab-title-90020\" class=\"elementor-tab-title\" data-tab=\"20\" role=\"button\" aria-controls=\"elementor-tab-content-90020\" aria-expanded=\"false\">\n\t\t\t\t\t\t\t\t\t\t\t\t\t<span class=\"elementor-accordion-icon elementor-accordion-icon-right\" aria-hidden=\"true\">\n\t\t\t\t\t\t\t\t\t\t\t\t\t\t\t<span class=\"elementor-accordion-icon-closed\"><i class=\"fas fa-plus\"><\/i><\/span>\n\t\t\t\t\t\t\t\t<span class=\"elementor-accordion-icon-opened\"><i class=\"fas fa-minus\"><\/i><\/span>\n\t\t\t\t\t\t\t\t\t\t\t\t\t\t<\/span>\n\t\t\t\t\t\t\t\t\t\t\t\t<a class=\"elementor-accordion-title\" tabindex=\"0\">T\u00f6bb hasonl\u00f3 esetr\u0151l olvasni mostan\u00e1ban, ami nagyfok\u00fa bizalmatlans\u00e1gra ad okot. Hogy engedjem el sz\u00fcl\u0151k\u00e9nt nyugodt sz\u00edvvel a gyerekemet? Felk\u00e9sz\u00edthetem valahogy? Besz\u00e9lgessek err\u0151l vele otthon?<\/a>\n\t\t\t\t\t<\/div>\n\t\t\t\t\t<div id=\"elementor-tab-content-90020\" class=\"elementor-tab-content elementor-clearfix\" data-tab=\"20\" role=\"region\" aria-labelledby=\"elementor-tab-title-90020\"><p style=\"text-align: center;\">Val\u00f3ban t\u00f6bb sz\u00f3 esik ma a gyermekekkel szembeni vissza\u00e9l\u00e9sekr\u0151l, mint kor\u00e1bban b\u00e1rmikor. Ez azonban nem azt jelenti, hogy t\u00f6bb ilyen eset t\u00f6rt\u00e9nik, hanem azt, hogy azok az \u00fcgyek, amelyek kor\u00e1bban rejtve, titokban maradtak, most nagyobb es\u00e9llyel der\u00fclnek ki, \u00e9s jutnak el a rend\u0151rs\u00e9gig vagy a gyermekv\u00e9delmi int\u00e9zm\u00e9nyekig. Az er\u0151szakkal kapcsolatos \u00e9rz\u00e9kenys\u00e9g\u00fcnk, toleranci\u00e1nk t\u00e1rsadalmi szinten is sokat v\u00e1ltozott az ut\u00f3bbi id\u0151ben \u2013 ami 10-15 \u00e9vvel ezel\u0151tt term\u00e9szetesnek sz\u00e1m\u00edtott (a gyerek felpofoz\u00e1sa a ny\u00edlt utc\u00e1n, vagy ordib\u00e1l\u00e1s a gyerekkel), azt ma m\u00e1r elutas\u00edt\u00e1ssal \u00e9s rosszall\u00e1ssal szeml\u00e9lj\u00fck.<\/p>\n<p style=\"text-align: center;\">Hi\u00e1ba t\u0171nik \u00fagy, hogy most sokkal t\u00f6bb ilyen \u00fcgy van, val\u00f3j\u00e1ban a gyermekek ma \u00f6sszehasonl\u00edthatatlanul nagyobb biztons\u00e1gban vannak, mint kor\u00e1bban, amikor semmit nem lehetett hallani ezekr\u0151l az esetekr\u0151l.<\/p>\n<p style=\"text-align: center;\">A gyermekeket a b\u00e1ntalmaz\u00e1ssal szemben fel lehet k\u00e9sz\u00edteni, de ez nem azt jelenti, hogy arr\u00f3l besz\u00e9lj\u00fcnk vel\u00fck, hogyan b\u00e1nthatj\u00e1k \u0151ket (ez csak megr\u00e9miszten\u00e9 \u0151ket). A \u201efelk\u00e9sz\u00edt\u00e9s\u201d val\u00f3j\u00e1ban pozit\u00edv besz\u00e9lget\u00e9seket jelent olyan t\u00e9m\u00e1kr\u00f3l, amelyek meger\u0151s\u00edt\u0151ek: a gyermek tudja, hogy a sz\u00fcl\u0151re mindig sz\u00e1m\u00edthat, hogy elmondhatja neki, ha valami kellemetlen, k\u00e9nyelmetlen t\u00f6rt\u00e9nt vele; a sz\u00fcl\u0151 \u00e9s a gyermek k\u00f6z\u00f6tt bizalmi viszony \u00e9s rendszeres kommunik\u00e1ci\u00f3 van; ha nincsenek tabuk \u00e9s a gyermek mer \u00e9s tud k\u00e9rdezni b\u00e1rmilyen t\u00e9m\u00e1ban (ak\u00e1r a szexualit\u00e1ssal kapcsolatban is).<\/p>\n<p style=\"text-align: center;\">Ha t\u00f6bbet szeretne megtudni \u00e1ltal\u00e1noss\u00e1gban a gyermekekkel szembeni szexu\u00e1lis er\u0151szakkal kapcsolatban (pl. milyen jelei vannak, hogyan besz\u00e9ljek a gyerekemmel, mi sz\u00e1m\u00edt er\u0151szaknak), sok cikk foglalkozik ezzel a <a href=\"https:\/\/www.yelon.hu\/szuloknek\/\">www.yelon.hu\/szuloknek<\/a> oldalon.<\/p>\n<!--<p style=\"text-align: center;\">Ezen k\u00edv\u00fcl a gyermekek szexu\u00e1lis er\u0151szak elleni b\u00e1ntalmaz\u00e1sa ellen a nemzetk\u00f6zileg is elterjedt <a href=\"http:\/\/obuda.hu\/gyermekvedelem\/index.php\/bugyiszabalyok\/\">\u201ebugyiszab\u00e1lyok\u201d<\/a> tudnak v\u00e9delmet ny\u00fajtani kisgyermekkorban.<\/p>--><\/div>\n\t\t\t\t<\/div>\n\t\t\t\t\t\t\t\t<\/div>\n\t\t\t\t<\/div>\n\t\t\t\t<\/div>\n\t\t\t\t\t<\/div>\n\t\t<\/div>\n\t\t\t\t\t\t\t<\/div>\n\t\t<\/section>\n\t\t\t\t\t\t\t<\/div>\n\t\t","protected":false},"excerpt":{"rendered":"<p>K\u00e9rd\u00e9sek\/v\u00e1laszok A Hintalovon Gyermekjogi Alap\u00edtv\u00e1ny munkat\u00e1rsaival igyekezt\u00fcnk megv\u00e1laszolni azokat a k\u00e9rd\u00e9seket, amelyek egy 2019-es, \u00f3vodai gyermekb\u00e1ntalmaz\u00e1si eset kapcs\u00e1n leggyakrabban felmer\u00fclnek. A ker\u00fclet \u00e9let\u00e9t felbolyd\u00edt\u00f3 esem\u00e9nyt k\u00f6vet\u0151en az \u00e1ldozatok v\u00e9delme \u00e9s a k\u00f6z\u00f6ss\u00e9g \u00e9rt\u00e9keinek meg\u0151rz\u00e9se \u00e9rdek\u00e9ben \u00d3buda-B\u00e9k\u00e1smegyer \u00d6nkorm\u00e1nyzat a Magyarorsz\u00e1gon szok\u00e1sos elj\u00e1r\u00e1srendt\u0151l elt\u00e9r\u0151 megold\u00e1st v\u00e1lasztott.\u00a0 Megpr\u00f3b\u00e1lja elej\u00e9t venni a pletyk\u00e1knak azzal, hogy korrekt t\u00e1j\u00e9koztat\u00e1st ad, \u00e9s [&hellip;]<\/p>\n","protected":false},"author":1,"featured_media":0,"parent":0,"menu_order":0,"comment_status":"closed","ping_status":"closed","template":"elementor_header_footer","meta":{"footnotes":""},"yoast_head":"<!-- This site is optimized with the Yoast SEO plugin v21.5 - https:\/\/yoast.com\/wordpress\/plugins\/seo\/ -->\n<title>K\u00e9rd\u00e9sek\/V\u00e1laszok - \u00d3buda<\/title>\n<meta name=\"robots\" content=\"index, follow, max-snippet:-1, max-image-preview:large, max-video-preview:-1\" \/>\n<link rel=\"canonical\" href=\"https:\/\/obuda.hu\/gyermekvedelem\/kerdesek-valaszok\/\" \/>\n<meta property=\"og:locale\" content=\"en_US\" \/>\n<meta property=\"og:type\" content=\"article\" \/>\n<meta property=\"og:title\" content=\"K\u00e9rd\u00e9sek\/V\u00e1laszok - \u00d3buda\" \/>\n<meta property=\"og:description\" content=\"K\u00e9rd\u00e9sek\/v\u00e1laszok A Hintalovon Gyermekjogi Alap\u00edtv\u00e1ny munkat\u00e1rsaival igyekezt\u00fcnk megv\u00e1laszolni azokat a k\u00e9rd\u00e9seket, amelyek egy 2019-es, \u00f3vodai gyermekb\u00e1ntalmaz\u00e1si eset kapcs\u00e1n leggyakrabban felmer\u00fclnek. A ker\u00fclet \u00e9let\u00e9t felbolyd\u00edt\u00f3 esem\u00e9nyt k\u00f6vet\u0151en az \u00e1ldozatok v\u00e9delme \u00e9s a k\u00f6z\u00f6ss\u00e9g \u00e9rt\u00e9keinek meg\u0151rz\u00e9se \u00e9rdek\u00e9ben \u00d3buda-B\u00e9k\u00e1smegyer \u00d6nkorm\u00e1nyzat a Magyarorsz\u00e1gon szok\u00e1sos elj\u00e1r\u00e1srendt\u0151l elt\u00e9r\u0151 megold\u00e1st v\u00e1lasztott.\u00a0 Megpr\u00f3b\u00e1lja elej\u00e9t venni a pletyk\u00e1knak azzal, hogy korrekt t\u00e1j\u00e9koztat\u00e1st ad, \u00e9s [&hellip;]\" \/>\n<meta property=\"og:url\" content=\"https:\/\/obuda.hu\/gyermekvedelem\/kerdesek-valaszok\/\" \/>\n<meta property=\"og:site_name\" content=\"\u00d3buda\" \/>\n<meta property=\"article:modified_time\" content=\"2025-09-04T12:25:59+00:00\" \/>\n<meta property=\"og:image\" content=\"https:\/\/obuda.hu\/gyermekvedelem\/wp-content\/uploads\/2020\/10\/gyermekvedelem_meta_fb.jpg\" \/>\n\t<meta property=\"og:image:width\" content=\"1200\" \/>\n\t<meta property=\"og:image:height\" content=\"630\" \/>\n\t<meta property=\"og:image:type\" content=\"image\/jpeg\" \/>\n<meta name=\"twitter:card\" content=\"summary_large_image\" \/>\n<meta name=\"twitter:label1\" content=\"Est. reading time\" \/>\n\t<meta name=\"twitter:data1\" content=\"15 minutes\" \/>\n<script type=\"application\/ld+json\" class=\"yoast-schema-graph\">{\"@context\":\"https:\/\/schema.org\",\"@graph\":[{\"@type\":\"WebPage\",\"@id\":\"https:\/\/obuda.hu\/gyermekvedelem\/kerdesek-valaszok\/\",\"url\":\"https:\/\/obuda.hu\/gyermekvedelem\/kerdesek-valaszok\/\",\"name\":\"K\u00e9rd\u00e9sek\/V\u00e1laszok - \u00d3buda\",\"isPartOf\":{\"@id\":\"https:\/\/obuda.hu\/gyermekvedelem\/#website\"},\"datePublished\":\"2020-09-30T09:51:57+00:00\",\"dateModified\":\"2025-09-04T12:25:59+00:00\",\"breadcrumb\":{\"@id\":\"https:\/\/obuda.hu\/gyermekvedelem\/kerdesek-valaszok\/#breadcrumb\"},\"inLanguage\":\"en-US\",\"potentialAction\":[{\"@type\":\"ReadAction\",\"target\":[\"https:\/\/obuda.hu\/gyermekvedelem\/kerdesek-valaszok\/\"]}]},{\"@type\":\"BreadcrumbList\",\"@id\":\"https:\/\/obuda.hu\/gyermekvedelem\/kerdesek-valaszok\/#breadcrumb\",\"itemListElement\":[{\"@type\":\"ListItem\",\"position\":1,\"name\":\"Kezd\u0151lap\",\"item\":\"https:\/\/obuda.hu\/gyermekvedelem\/\"},{\"@type\":\"ListItem\",\"position\":2,\"name\":\"K\u00e9rd\u00e9sek\/V\u00e1laszok\"}]},{\"@type\":\"WebSite\",\"@id\":\"https:\/\/obuda.hu\/gyermekvedelem\/#website\",\"url\":\"https:\/\/obuda.hu\/gyermekvedelem\/\",\"name\":\"\u00d3buda\",\"description\":\"Gyermekv\u00e9delem\",\"potentialAction\":[{\"@type\":\"SearchAction\",\"target\":{\"@type\":\"EntryPoint\",\"urlTemplate\":\"https:\/\/obuda.hu\/gyermekvedelem\/?s={search_term_string}\"},\"query-input\":\"required name=search_term_string\"}],\"inLanguage\":\"en-US\"}]}<\/script>\n<!-- \/ Yoast SEO plugin. -->","yoast_head_json":{"title":"K\u00e9rd\u00e9sek\/V\u00e1laszok - \u00d3buda","robots":{"index":"index","follow":"follow","max-snippet":"max-snippet:-1","max-image-preview":"max-image-preview:large","max-video-preview":"max-video-preview:-1"},"canonical":"https:\/\/obuda.hu\/gyermekvedelem\/kerdesek-valaszok\/","og_locale":"en_US","og_type":"article","og_title":"K\u00e9rd\u00e9sek\/V\u00e1laszok - \u00d3buda","og_description":"K\u00e9rd\u00e9sek\/v\u00e1laszok A Hintalovon Gyermekjogi Alap\u00edtv\u00e1ny munkat\u00e1rsaival igyekezt\u00fcnk megv\u00e1laszolni azokat a k\u00e9rd\u00e9seket, amelyek egy 2019-es, \u00f3vodai gyermekb\u00e1ntalmaz\u00e1si eset kapcs\u00e1n leggyakrabban felmer\u00fclnek. A ker\u00fclet \u00e9let\u00e9t felbolyd\u00edt\u00f3 esem\u00e9nyt k\u00f6vet\u0151en az \u00e1ldozatok v\u00e9delme \u00e9s a k\u00f6z\u00f6ss\u00e9g \u00e9rt\u00e9keinek meg\u0151rz\u00e9se \u00e9rdek\u00e9ben \u00d3buda-B\u00e9k\u00e1smegyer \u00d6nkorm\u00e1nyzat a Magyarorsz\u00e1gon szok\u00e1sos elj\u00e1r\u00e1srendt\u0151l elt\u00e9r\u0151 megold\u00e1st v\u00e1lasztott.\u00a0 Megpr\u00f3b\u00e1lja elej\u00e9t venni a pletyk\u00e1knak azzal, hogy korrekt t\u00e1j\u00e9koztat\u00e1st ad, \u00e9s [&hellip;]","og_url":"https:\/\/obuda.hu\/gyermekvedelem\/kerdesek-valaszok\/","og_site_name":"\u00d3buda","article_modified_time":"2025-09-04T12:25:59+00:00","og_image":[{"width":1200,"height":630,"url":"https:\/\/obuda.hu\/gyermekvedelem\/wp-content\/uploads\/2020\/10\/gyermekvedelem_meta_fb.jpg","type":"image\/jpeg"}],"twitter_card":"summary_large_image","twitter_misc":{"Est. reading time":"15 minutes"},"schema":{"@context":"https:\/\/schema.org","@graph":[{"@type":"WebPage","@id":"https:\/\/obuda.hu\/gyermekvedelem\/kerdesek-valaszok\/","url":"https:\/\/obuda.hu\/gyermekvedelem\/kerdesek-valaszok\/","name":"K\u00e9rd\u00e9sek\/V\u00e1laszok - \u00d3buda","isPartOf":{"@id":"https:\/\/obuda.hu\/gyermekvedelem\/#website"},"datePublished":"2020-09-30T09:51:57+00:00","dateModified":"2025-09-04T12:25:59+00:00","breadcrumb":{"@id":"https:\/\/obuda.hu\/gyermekvedelem\/kerdesek-valaszok\/#breadcrumb"},"inLanguage":"en-US","potentialAction":[{"@type":"ReadAction","target":["https:\/\/obuda.hu\/gyermekvedelem\/kerdesek-valaszok\/"]}]},{"@type":"BreadcrumbList","@id":"https:\/\/obuda.hu\/gyermekvedelem\/kerdesek-valaszok\/#breadcrumb","itemListElement":[{"@type":"ListItem","position":1,"name":"Kezd\u0151lap","item":"https:\/\/obuda.hu\/gyermekvedelem\/"},{"@type":"ListItem","position":2,"name":"K\u00e9rd\u00e9sek\/V\u00e1laszok"}]},{"@type":"WebSite","@id":"https:\/\/obuda.hu\/gyermekvedelem\/#website","url":"https:\/\/obuda.hu\/gyermekvedelem\/","name":"\u00d3buda","description":"Gyermekv\u00e9delem","potentialAction":[{"@type":"SearchAction","target":{"@type":"EntryPoint","urlTemplate":"https:\/\/obuda.hu\/gyermekvedelem\/?s={search_term_string}"},"query-input":"required name=search_term_string"}],"inLanguage":"en-US"}]}},"_links":{"self":[{"href":"https:\/\/obuda.hu\/gyermekvedelem\/wp-json\/wp\/v2\/pages\/16"}],"collection":[{"href":"https:\/\/obuda.hu\/gyermekvedelem\/wp-json\/wp\/v2\/pages"}],"about":[{"href":"https:\/\/obuda.hu\/gyermekvedelem\/wp-json\/wp\/v2\/types\/page"}],"author":[{"embeddable":true,"href":"https:\/\/obuda.hu\/gyermekvedelem\/wp-json\/wp\/v2\/users\/1"}],"replies":[{"embeddable":true,"href":"https:\/\/obuda.hu\/gyermekvedelem\/wp-json\/wp\/v2\/comments?post=16"}],"version-history":[{"count":62,"href":"https:\/\/obuda.hu\/gyermekvedelem\/wp-json\/wp\/v2\/pages\/16\/revisions"}],"predecessor-version":[{"id":449,"href":"https:\/\/obuda.hu\/gyermekvedelem\/wp-json\/wp\/v2\/pages\/16\/revisions\/449"}],"wp:attachment":[{"href":"https:\/\/obuda.hu\/gyermekvedelem\/wp-json\/wp\/v2\/media?parent=16"}],"curies":[{"name":"wp","href":"https:\/\/api.w.org\/{rel}","templated":true}]}}